{"id":11692,"date":"2023-03-08T11:38:07","date_gmt":"2023-03-08T10:38:07","guid":{"rendered":"https:\/\/www.aignep.com\/?post_type=avada_portfolio&#038;p=11692"},"modified":"2023-03-08T11:39:09","modified_gmt":"2023-03-08T10:39:09","slug":"die-armaturenproduktion-von-aignep-auf-der-messe-plastico-brasil-vom-27-bis-31-maerz-2023","status":"publish","type":"avada_portfolio","link":"https:\/\/www.aignep.com\/de\/news\/die-armaturenproduktion-von-aignep-auf-der-messe-plastico-brasil-vom-27-bis-31-maerz-2023\/","title":{"rendered":"Die Armaturenproduktion von Aignep auf der Messe Pl\u00e1stico Brasil vom 27. bis 31. M\u00e4rz 2023"},"content":{"rendered":"<div class=\"fusion-fullwidth fullwidth-box fusion-builder-row-1 fusion-flex-container news_seo nonhundred-percent-fullwidth non-hundred-percent-height-scrolling\" style=\"background-color: var(--awb-color1);background-position: center center;background-repeat: no-repeat;border-width: 0px 0px 0px 0px;border-color:var(--awb-color3);border-style:solid;\" ><div class=\"fusion-builder-row fusion-row fusion-flex-align-items-flex-start\" style=\"max-width:1393.6px;margin-left: calc(-4% \/ 2 );margin-right: calc(-4% \/ 2 );\"><div class=\"fusion-layout-column fusion_builder_column fusion-builder-column-0 fusion_builder_column_1_1 1_1 fusion-flex-column\"><div class=\"fusion-column-wrapper fusion-flex-justify-content-flex-start fusion-content-layout-column\" style=\"background-position:left top;background-repeat:no-repeat;-webkit-background-size:cover;-moz-background-size:cover;-o-background-size:cover;background-size:cover;padding: 0px 0px 0px 0px;\"><div class=\"fusion-text fusion-text-1\" style=\"text-transform:none;\"><pre><img class=\"lazyload wp-image-11699 size-full alignright\" src=\"https:\/\/www.aignep.com\/wp-content\/uploads\/2023\/03\/fiera-plastico-news.jpg\" data-orig-src=\"https:\/\/www.aignep.com\/wp-content\/uploads\/2023\/03\/fiera-plastico-news.jpg\" alt=\"fiera plastico news\" width=\"900\" height=\"600\" srcset=\"data:image\/svg+xml,%3Csvg%20xmlns%3D%27http%3A%2F%2Fwww.w3.org%2F2000%2Fsvg%27%20width%3D%27900%27%20height%3D%27600%27%20viewBox%3D%270%200%20900%20600%27%3E%3Crect%20width%3D%27900%27%20height%3D%27600%27%20fill-opacity%3D%220%22%2F%3E%3C%2Fsvg%3E\" data-srcset=\"https:\/\/www.aignep.com\/wp-content\/uploads\/2023\/03\/fiera-plastico-news-200x133.jpg 200w, https:\/\/www.aignep.com\/wp-content\/uploads\/2023\/03\/fiera-plastico-news-300x200.jpg 300w, https:\/\/www.aignep.com\/wp-content\/uploads\/2023\/03\/fiera-plastico-news-400x267.jpg 400w, https:\/\/www.aignep.com\/wp-content\/uploads\/2023\/03\/fiera-plastico-news-600x400.jpg 600w, https:\/\/www.aignep.com\/wp-content\/uploads\/2023\/03\/fiera-plastico-news-768x512.jpg 768w, https:\/\/www.aignep.com\/wp-content\/uploads\/2023\/03\/fiera-plastico-news-800x533.jpg 800w, https:\/\/www.aignep.com\/wp-content\/uploads\/2023\/03\/fiera-plastico-news.jpg 900w\" data-sizes=\"auto\" data-orig-sizes=\"(max-width: 900px) 100vw, 900px\" \/><\/pre>\n<h2><strong>Die Neuheiten von Aignep am Stand D060<\/strong><\/h2>\n<p>Aignep wird an der neuen Ausgabe der <strong>Pl\u00e1stico Brasil<\/strong> teilnehmen, der Messe f\u00fcr die Welt der Kunststoffe, die dieses Jahr <strong>vom 27. bis 31. M\u00e4rz 2023<\/strong> im S\u00e3o Paulo Expo Exhibition &amp; Convention Center in <strong>S\u00e3o Paulo<\/strong>, Brasilien, stattfindet. Das Unternehmen wird mit seiner <strong>brasilianischen<\/strong> Tochtergesellschaft, die in diesem Jahr ihr <strong>10-j\u00e4hriges<\/strong> Bestehen feiert, auf der Messe vertreten sein.<\/p>\n<p>Zu den zahlreichen <strong>Innovationen<\/strong>, die die Besucher entdecken k\u00f6nnen, geh\u00f6ren:<\/p>\n<ul>\n<li>die <strong>Automatisierungslinie FRL EVO<\/strong>, eine breite Palette von Ger\u00e4ten, die mit der neuesten Generation von Technopolymeren hergestellt werden und v\u00f6llig silikonfrei sind, um eine bessere Luftaufbereitung zu gew\u00e4hrleisten;<\/li>\n<li>die <strong>Luftverteilerlinie INFINITY<\/strong>, die durch den neuen Durchmesser 168 bereichert wird und die Serie in Bezug auf die Gr\u00f6\u00dfe vervollst\u00e4ndigt;<\/li>\n<li>die Edelstahlserien <strong>50000<\/strong>, <strong>50000N<\/strong> und <strong>60000<\/strong> mit automatischen Armaturen mit<strong> 16 mm<\/strong> Durchmesser;<\/li>\n<li>die pneumatischen Stellantriebe der <strong>L SERIE<\/strong>.<\/li>\n<\/ul>\n<p>Weitere Neuzug\u00e4nge sind die Serie <strong>59000<\/strong> und das Zubeh\u00f6r <strong>CW510L<\/strong>, die durch verschiedene Erg\u00e4nzungen bereichert werden, sowie die Serie Food &amp; Beverage, die ihre Produktpalette um die Serien <strong>53000<\/strong> und <strong>53000X<\/strong> erweitert.<\/p>\n<p>Die Voraussetzungen f\u00fcr die Pl\u00e1stico Brasil 2023 k\u00f6nnten nicht besser sein. Kommen Sie und entdecken Sie alle Neuheiten am <strong>Stand D060<\/strong>.<\/p>\n<\/div><\/div><style type=\"text\/css\">.fusion-body .fusion-builder-column-0{width:100% !important;margin-top : 0px;margin-bottom : 20px;}.fusion-builder-column-0 > .fusion-column-wrapper {padding-top : 0px !important;padding-right : 0px !important;margin-right : 1.92%;padding-bottom : 0px !important;padding-left : 0px !important;margin-left : 1.92%;}@media only screen and (max-width:1024px) {.fusion-body .fusion-builder-column-0{width:100% !important;order : 0;}.fusion-builder-column-0 > .fusion-column-wrapper {margin-right : 1.92%;margin-left : 1.92%;}}@media only screen and (max-width:768px) {.fusion-body .fusion-builder-column-0{width:100% !important;order : 0;}.fusion-builder-column-0 > .fusion-column-wrapper {margin-right : 1.92%;margin-left : 1.92%;}}<\/style><\/div><div class=\"fusion-layout-column fusion_builder_column fusion-builder-column-1 fusion_builder_column_1_1 1_1 fusion-flex-column\"><div class=\"fusion-column-wrapper fusion-flex-justify-content-flex-start fusion-content-layout-column\" style=\"background-position:left top;background-repeat:no-repeat;-webkit-background-size:cover;-moz-background-size:cover;-o-background-size:cover;background-size:cover;padding: 0px 0px 0px 0px;\"><\/div><style type=\"text\/css\">.fusion-body .fusion-builder-column-1{width:100% !important;margin-top : 0px;margin-bottom : 20px;}.fusion-builder-column-1 > .fusion-column-wrapper {padding-top : 0px !important;padding-right : 0px !important;margin-right : 1.92%;padding-bottom : 0px !important;padding-left : 0px !important;margin-left : 1.92%;}@media only screen and (max-width:1024px) {.fusion-body .fusion-builder-column-1{width:100% !important;order : 0;}.fusion-builder-column-1 > .fusion-column-wrapper {margin-right : 1.92%;margin-left : 1.92%;}}@media only screen and (max-width:768px) {.fusion-body .fusion-builder-column-1{width:100% !important;order : 0;}.fusion-builder-column-1 > .fusion-column-wrapper {margin-right : 1.92%;margin-left : 1.92%;}}<\/style><\/div><\/div><style type=\"text\/css\">.fusion-body .fusion-flex-container.fusion-builder-row-1{ padding-top : 0px;margin-top : 0px;padding-right : 0px;padding-bottom : 0px;margin-bottom : 0px;padding-left : 0px;}<\/style><\/div>\n","protected":false},"excerpt":{"rendered":"","protected":false},"author":5,"featured_media":11703,"menu_order":0,"comment_status":"closed","ping_status":"closed","template":"","format":"standard","meta":{"_expiration-date-status":"","_expiration-date":0,"_expiration-date-type":"","_expiration-date-categories":[],"_expiration-date-options":[]},"portfolio_category":[63],"portfolio_skills":[],"portfolio_tags":[],"yoast_head":"<!-- This site is optimized with the Yoast SEO plugin v19.11 - https:\/\/yoast.com\/wordpress\/plugins\/seo\/ -->\n<title>Pl\u00e1stico Brasil Messe vom 27. bis 31. M\u00e4rz 2023 | Aignep s.p.a.<\/title>\n<meta name=\"description\" content=\"Aignep best\u00e4tigt seine Pr\u00e4senz auf der Pl\u00e1stico Brasil in Begleitung seiner brasilianischen Tochtergesellschaft.\" \/>\n<meta name=\"robots\" content=\"index, follow, max-snippet:-1, max-image-preview:large, max-video-preview:-1\" \/>\n<link rel=\"canonical\" href=\"https:\/\/www.aignep.com\/de\/news\/die-armaturenproduktion-von-aignep-auf-der-messe-plastico-brasil-vom-27-bis-31-maerz-2023\/\" \/>\n<meta property=\"og:locale\" content=\"de_DE\" \/>\n<meta property=\"og:type\" content=\"article\" \/>\n<meta property=\"og:title\" content=\"Pl\u00e1stico Brasil Messe vom 27. bis 31. M\u00e4rz 2023 | Aignep s.p.a.\" \/>\n<meta property=\"og:description\" content=\"Aignep best\u00e4tigt seine Pr\u00e4senz auf der Pl\u00e1stico Brasil in Begleitung seiner brasilianischen Tochtergesellschaft.\" \/>\n<meta property=\"og:url\" content=\"https:\/\/www.aignep.com\/de\/news\/die-armaturenproduktion-von-aignep-auf-der-messe-plastico-brasil-vom-27-bis-31-maerz-2023\/\" \/>\n<meta property=\"og:site_name\" content=\"Aignep S.p.A.\" \/>\n<meta property=\"article:modified_time\" content=\"2023-03-08T10:39:09+00:00\" \/>\n<meta property=\"og:image\" content=\"https:\/\/www.aignep.com\/wp-content\/uploads\/2022\/12\/01-opengraph-SEPEM.png\" \/>\n\t<meta property=\"og:image:width\" content=\"1200\" \/>\n\t<meta property=\"og:image:height\" content=\"627\" \/>\n\t<meta property=\"og:image:type\" content=\"image\/png\" \/>\n<meta name=\"twitter:card\" content=\"summary_large_image\" \/>\n<meta name=\"twitter:label1\" content=\"Gesch\u00e4tzte Lesezeit\" \/>\n\t<meta name=\"twitter:data1\" content=\"3 Minuten\" \/>\n<script type=\"application\/ld+json\" class=\"yoast-schema-graph\">{\"@context\":\"https:\/\/schema.org\",\"@graph\":[{\"@type\":\"WebPage\",\"@id\":\"https:\/\/www.aignep.com\/de\/news\/die-armaturenproduktion-von-aignep-auf-der-messe-plastico-brasil-vom-27-bis-31-maerz-2023\/\",\"url\":\"https:\/\/www.aignep.com\/de\/news\/die-armaturenproduktion-von-aignep-auf-der-messe-plastico-brasil-vom-27-bis-31-maerz-2023\/\",\"name\":\"Pl\u00e1stico Brasil Messe vom 27. bis 31. M\u00e4rz 2023 | Aignep s.p.a.\",\"isPartOf\":{\"@id\":\"https:\/\/www.aignep.com\/de\/#website\"},\"datePublished\":\"2023-03-08T10:38:07+00:00\",\"dateModified\":\"2023-03-08T10:39:09+00:00\",\"description\":\"Aignep best\u00e4tigt seine Pr\u00e4senz auf der Pl\u00e1stico Brasil in Begleitung seiner brasilianischen Tochtergesellschaft.\",\"breadcrumb\":{\"@id\":\"https:\/\/www.aignep.com\/de\/news\/die-armaturenproduktion-von-aignep-auf-der-messe-plastico-brasil-vom-27-bis-31-maerz-2023\/#breadcrumb\"},\"inLanguage\":\"de-DE\",\"potentialAction\":[{\"@type\":\"ReadAction\",\"target\":[\"https:\/\/www.aignep.com\/de\/news\/die-armaturenproduktion-von-aignep-auf-der-messe-plastico-brasil-vom-27-bis-31-maerz-2023\/\"]}]},{\"@type\":\"BreadcrumbList\",\"@id\":\"https:\/\/www.aignep.com\/de\/news\/die-armaturenproduktion-von-aignep-auf-der-messe-plastico-brasil-vom-27-bis-31-maerz-2023\/#breadcrumb\",\"itemListElement\":[{\"@type\":\"ListItem\",\"position\":1,\"name\":\"Home\",\"item\":\"https:\/\/www.aignep.com\/de\/\"},{\"@type\":\"ListItem\",\"position\":2,\"name\":\"Portfolio\",\"item\":\"https:\/\/www.aignep.com\/de\/news\/\"},{\"@type\":\"ListItem\",\"position\":3,\"name\":\"Die Armaturenproduktion von Aignep auf der Messe Pl\u00e1stico Brasil vom 27. bis 31. M\u00e4rz 2023\"}]},{\"@type\":\"WebSite\",\"@id\":\"https:\/\/www.aignep.com\/de\/#website\",\"url\":\"https:\/\/www.aignep.com\/de\/\",\"name\":\"Aignep S.p.A.\",\"description\":\"Herstellung von Fluid- und Druckluftkomponenten\",\"potentialAction\":[{\"@type\":\"SearchAction\",\"target\":{\"@type\":\"EntryPoint\",\"urlTemplate\":\"https:\/\/www.aignep.com\/de\/?s={search_term_string}\"},\"query-input\":\"required name=search_term_string\"}],\"inLanguage\":\"de-DE\"}]}<\/script>\n<!-- \/ Yoast SEO plugin. -->","yoast_head_json":{"title":"Pl\u00e1stico Brasil Messe vom 27. bis 31. M\u00e4rz 2023 | Aignep s.p.a.","description":"Aignep best\u00e4tigt seine Pr\u00e4senz auf der Pl\u00e1stico Brasil in Begleitung seiner brasilianischen Tochtergesellschaft.","robots":{"index":"index","follow":"follow","max-snippet":"max-snippet:-1","max-image-preview":"max-image-preview:large","max-video-preview":"max-video-preview:-1"},"canonical":"https:\/\/www.aignep.com\/de\/news\/die-armaturenproduktion-von-aignep-auf-der-messe-plastico-brasil-vom-27-bis-31-maerz-2023\/","og_locale":"de_DE","og_type":"article","og_title":"Pl\u00e1stico Brasil Messe vom 27. bis 31. M\u00e4rz 2023 | Aignep s.p.a.","og_description":"Aignep best\u00e4tigt seine Pr\u00e4senz auf der Pl\u00e1stico Brasil in Begleitung seiner brasilianischen Tochtergesellschaft.","og_url":"https:\/\/www.aignep.com\/de\/news\/die-armaturenproduktion-von-aignep-auf-der-messe-plastico-brasil-vom-27-bis-31-maerz-2023\/","og_site_name":"Aignep S.p.A.","article_modified_time":"2023-03-08T10:39:09+00:00","og_image":[{"width":1200,"height":627,"url":"https:\/\/www.aignep.com\/wp-content\/uploads\/2022\/12\/01-opengraph-SEPEM.png","type":"image\/png"}],"twitter_card":"summary_large_image","twitter_misc":{"Gesch\u00e4tzte Lesezeit":"3 Minuten"},"schema":{"@context":"https:\/\/schema.org","@graph":[{"@type":"WebPage","@id":"https:\/\/www.aignep.com\/de\/news\/die-armaturenproduktion-von-aignep-auf-der-messe-plastico-brasil-vom-27-bis-31-maerz-2023\/","url":"https:\/\/www.aignep.com\/de\/news\/die-armaturenproduktion-von-aignep-auf-der-messe-plastico-brasil-vom-27-bis-31-maerz-2023\/","name":"Pl\u00e1stico Brasil Messe vom 27. bis 31. M\u00e4rz 2023 | Aignep s.p.a.","isPartOf":{"@id":"https:\/\/www.aignep.com\/de\/#website"},"datePublished":"2023-03-08T10:38:07+00:00","dateModified":"2023-03-08T10:39:09+00:00","description":"Aignep best\u00e4tigt seine Pr\u00e4senz auf der Pl\u00e1stico Brasil in Begleitung seiner brasilianischen Tochtergesellschaft.","breadcrumb":{"@id":"https:\/\/www.aignep.com\/de\/news\/die-armaturenproduktion-von-aignep-auf-der-messe-plastico-brasil-vom-27-bis-31-maerz-2023\/#breadcrumb"},"inLanguage":"de-DE","potentialAction":[{"@type":"ReadAction","target":["https:\/\/www.aignep.com\/de\/news\/die-armaturenproduktion-von-aignep-auf-der-messe-plastico-brasil-vom-27-bis-31-maerz-2023\/"]}]},{"@type":"BreadcrumbList","@id":"https:\/\/www.aignep.com\/de\/news\/die-armaturenproduktion-von-aignep-auf-der-messe-plastico-brasil-vom-27-bis-31-maerz-2023\/#breadcrumb","itemListElement":[{"@type":"ListItem","position":1,"name":"Home","item":"https:\/\/www.aignep.com\/de\/"},{"@type":"ListItem","position":2,"name":"Portfolio","item":"https:\/\/www.aignep.com\/de\/news\/"},{"@type":"ListItem","position":3,"name":"Die Armaturenproduktion von Aignep auf der Messe Pl\u00e1stico Brasil vom 27. bis 31. M\u00e4rz 2023"}]},{"@type":"WebSite","@id":"https:\/\/www.aignep.com\/de\/#website","url":"https:\/\/www.aignep.com\/de\/","name":"Aignep S.p.A.","description":"Herstellung von Fluid- und Druckluftkomponenten","potentialAction":[{"@type":"SearchAction","target":{"@type":"EntryPoint","urlTemplate":"https:\/\/www.aignep.com\/de\/?s={search_term_string}"},"query-input":"required name=search_term_string"}],"inLanguage":"de-DE"}]}},"_links":{"self":[{"href":"https:\/\/www.aignep.com\/de\/wp-json\/wp\/v2\/avada_portfolio\/11692"}],"collection":[{"href":"https:\/\/www.aignep.com\/de\/wp-json\/wp\/v2\/avada_portfolio"}],"about":[{"href":"https:\/\/www.aignep.com\/de\/wp-json\/wp\/v2\/types\/avada_portfolio"}],"author":[{"embeddable":true,"href":"https:\/\/www.aignep.com\/de\/wp-json\/wp\/v2\/users\/5"}],"replies":[{"embeddable":true,"href":"https:\/\/www.aignep.com\/de\/wp-json\/wp\/v2\/comments?post=11692"}],"version-history":[{"count":2,"href":"https:\/\/www.aignep.com\/de\/wp-json\/wp\/v2\/avada_portfolio\/11692\/revisions"}],"predecessor-version":[{"id":11752,"href":"https:\/\/www.aignep.com\/de\/wp-json\/wp\/v2\/avada_portfolio\/11692\/revisions\/11752"}],"wp:featuredmedia":[{"embeddable":true,"href":"https:\/\/www.aignep.com\/de\/wp-json\/wp\/v2\/media\/11703"}],"wp:attachment":[{"href":"https:\/\/www.aignep.com\/de\/wp-json\/wp\/v2\/media?parent=11692"}],"wp:term":[{"taxonomy":"portfolio_category","embeddable":true,"href":"https:\/\/www.aignep.com\/de\/wp-json\/wp\/v2\/portfolio_category?post=11692"},{"taxonomy":"portfolio_skills","embeddable":true,"href":"https:\/\/www.aignep.com\/de\/wp-json\/wp\/v2\/portfolio_skills?post=11692"},{"taxonomy":"portfolio_tags","embeddable":true,"href":"https:\/\/www.aignep.com\/de\/wp-json\/wp\/v2\/portfolio_tags?post=11692"}],"curies":[{"name":"wp","href":"https:\/\/api.w.org\/{rel}","templated":true}]}}