{"id":29691,"date":"2026-03-10T11:12:43","date_gmt":"2026-03-10T10:12:43","guid":{"rendered":"https:\/\/www.aignep.com\/?post_type=avada_portfolio&#038;p=29691"},"modified":"2026-03-10T11:21:57","modified_gmt":"2026-03-10T10:21:57","slug":"doppeltes-podium-fuer-ktm-pro-racing-beim-auftakt-der-assoluti-ditalia","status":"publish","type":"avada_portfolio","link":"https:\/\/www.aignep.com\/de\/news\/doppeltes-podium-fuer-ktm-pro-racing-beim-auftakt-der-assoluti-ditalia\/","title":{"rendered":"Doppeltes Podium f\u00fcr KTM Pro Racing beim Auftakt der Assoluti d\u2019Italia"},"content":{"rendered":"<div class=\"fusion-fullwidth fullwidth-box fusion-builder-row-1 fusion-flex-container has-pattern-background has-mask-background news_seo nonhundred-percent-fullwidth non-hundred-percent-height-scrolling\" style=\"background-color: var(--awb-color1);background-position: center center;background-repeat: no-repeat;border-width: 0px 0px 0px 0px;border-color:var(--awb-color3);border-style:solid;\" ><div class=\"fusion-builder-row fusion-row fusion-flex-align-items-center\" style=\"max-width:1393.6px;margin-left: calc(-4% \/ 2 );margin-right: calc(-4% \/ 2 );\"><div class=\"fusion-layout-column fusion_builder_column fusion-builder-column-0 fusion_builder_column_1_2 1_2 fusion-flex-column\"><div class=\"fusion-column-wrapper fusion-flex-justify-content-flex-start fusion-content-layout-column\" style=\"background-position:left top;background-repeat:no-repeat;-webkit-background-size:cover;-moz-background-size:cover;-o-background-size:cover;background-size:cover;padding: 0px 0px 0px 0px;\"><div class=\"fusion-text fusion-text-1\" style=\"text-transform:none;\"><h2>Cagnoni gl\u00e4nzt in Camaiore, gutes Deb\u00fct f\u00fcr Youth-Weltmeister Romain Dagna und positives Comeback f\u00fcr Gabin Allemand.<\/h2>\n<p data-start=\"222\" data-end=\"444\">Ein hervorragender Saisonstart f\u00fcr das <strong data-start=\"271\" data-end=\"294\">Team KTM Pro Racing<\/strong> von Alex Belometti beim ersten Lauf der <strong data-start=\"335\" data-end=\"383\">Italienischen Absoluten Enduro-Meisterschaft<\/strong>, der am 7. und 8. M\u00e4rz in Camaiore (LU) ausgetragen wurde.<\/p>\n<p data-start=\"446\" data-end=\"685\">Der Protagonist des Wochenendes war der junge <strong data-start=\"492\" data-end=\"510\">Simone Cagnoni<\/strong>, der sein Deb\u00fct mit dem Team und auf der <strong data-start=\"552\" data-end=\"571\">KTM 125 XC-W 2T<\/strong> gab und zwei Podiumspl\u00e4tze in der <strong data-start=\"606\" data-end=\"623\">Klasse 125 2T<\/strong> erreichte: Platz zwei am Samstag und Platz drei am Sonntag.<\/p>\n<p data-start=\"687\" data-end=\"1136\">Gute Signale kamen auch von <strong data-start=\"715\" data-end=\"731\">Romain Dagna<\/strong>, <strong data-start=\"733\" data-end=\"754\">Youth-Weltmeister<\/strong>, bei seinem ersten Rennen auf der <strong data-start=\"789\" data-end=\"807\">KTM 300 EXC 2T<\/strong>: sechster unter den ausl\u00e4ndischen Fahrern am Samstag und dreizehnter in der Gesamtwertung am Sonntag, mit konkurrenzf\u00e4higen Zeiten und einem Sieg in einer Sonderpr\u00fcfung. Ebenfalls positiv war das Comeback von <strong data-start=\"1017\" data-end=\"1035\">Gabin Allemand<\/strong>, der nach einer Verletzung ins Renngeschehen zur\u00fcckkehrte und nur knapp an den Top Ten vorbeifuhr.<\/p>\n<p data-start=\"1138\" data-end=\"1320\" data-is-last-node=\"\" data-is-only-node=\"\">Der n\u00e4chste Termin f\u00fcr das <strong data-start=\"1165\" data-end=\"1188\">Team KTM Pro Racing<\/strong> ist der zweite Lauf der <strong data-start=\"1213\" data-end=\"1261\">Italienischen Absoluten Enduro-Meisterschaft<\/strong>, der am 28. und 29. M\u00e4rz in Pomarance (PI) stattfindet. \ud83c\udfc1<\/p>\n<\/div><div ><style>.fusion-body .fusion-button.button-1{border-radius:0 0 0 0;}<\/style><a class=\"fusion-button button-flat fusion-button-default-size button-default button-1 fusion-button-default-span fusion-button-default-type\" target=\"_blank\" rel=\"noopener noreferrer\" href=\"https:\/\/4iyyt.r.a.d.sendibm1.com\/mk\/mr\/sh\/6rqJ8GoudeITQpqEnSURcX5Klj0\/VXT0Eqp1TyBR\" style=\"margin-bottom:20px;\"><span class=\"fusion-button-text\">Artikel lesen<\/span><\/a><\/div><div ><style>.fusion-body .fusion-button.button-2{border-radius:0 0 0 0;}<\/style><a class=\"fusion-button button-flat fusion-button-default-size button-default button-2 fusion-button-default-span fusion-button-default-type\" target=\"_self\" href=\"https:\/\/mclumezzane.com\/\"><span class=\"fusion-button-text\">mclumezzane.com<\/span><\/a><\/div><\/div><style type=\"text\/css\">.fusion-body .fusion-builder-column-0{width:50% !important;margin-top : 0px;margin-bottom : 20px;}.fusion-builder-column-0 > .fusion-column-wrapper {padding-top : 0px !important;padding-right : 0px !important;margin-right : 3.84%;padding-bottom : 0px !important;padding-left : 0px !important;margin-left : 3.84%;}@media only screen and (max-width:1024px) {.fusion-body .fusion-builder-column-0{width:50% !important;order : 0;}.fusion-builder-column-0 > .fusion-column-wrapper {margin-right : 3.84%;margin-left : 3.84%;}}@media only screen and (max-width:768px) {.fusion-body .fusion-builder-column-0{width:100% !important;order : 0;}.fusion-builder-column-0 > .fusion-column-wrapper {margin-right : 1.92%;margin-left : 1.92%;}}<\/style><\/div><div class=\"fusion-layout-column fusion_builder_column fusion-builder-column-1 fusion_builder_column_1_2 1_2 fusion-flex-column\"><div class=\"fusion-column-wrapper fusion-flex-justify-content-flex-start fusion-content-layout-column\" style=\"background-position:left top;background-repeat:no-repeat;-webkit-background-size:cover;-moz-background-size:cover;-o-background-size:cover;background-size:cover;padding: 0px 0px 0px 0px;\"><div class=\"fusion-image-carousel fusion-image-carousel-auto fusion-image-carousel-1 fusion-carousel-border\"><div class=\"fusion-carousel\" data-autoplay=\"no\" data-columns=\"1\" data-itemmargin=\"13\" data-itemwidth=\"180\" data-touchscroll=\"no\" data-imagesize=\"auto\"><div class=\"fusion-carousel-positioner\"><ul class=\"fusion-carousel-holder\"><li class=\"fusion-carousel-item\"><div class=\"fusion-carousel-item-wrapper\"><div class=\"fusion-image-wrapper hover-type-none\"><img width=\"1200\" height=\"800\" src=\"https:\/\/www.aignep.com\/wp-content\/uploads\/2026\/03\/KTM-Pro-Racing-Round-01-02.jpg\" class=\"attachment-full size-full lazyload\" alt=\"\" srcset=\"data:image\/svg+xml,%3Csvg%20xmlns%3D%27http%3A%2F%2Fwww.w3.org%2F2000%2Fsvg%27%20width%3D%271200%27%20height%3D%27800%27%20viewBox%3D%270%200%201200%20800%27%3E%3Crect%20width%3D%271200%27%20height%3D%27800%27%20fill-opacity%3D%220%22%2F%3E%3C%2Fsvg%3E\" data-orig-src=\"https:\/\/www.aignep.com\/wp-content\/uploads\/2026\/03\/KTM-Pro-Racing-Round-01-02.jpg\" data-srcset=\"https:\/\/www.aignep.com\/wp-content\/uploads\/2026\/03\/KTM-Pro-Racing-Round-01-02-200x133.jpg 200w, https:\/\/www.aignep.com\/wp-content\/uploads\/2026\/03\/KTM-Pro-Racing-Round-01-02-300x200.jpg 300w, https:\/\/www.aignep.com\/wp-content\/uploads\/2026\/03\/KTM-Pro-Racing-Round-01-02-400x267.jpg 400w, https:\/\/www.aignep.com\/wp-content\/uploads\/2026\/03\/KTM-Pro-Racing-Round-01-02-600x400.jpg 600w, https:\/\/www.aignep.com\/wp-content\/uploads\/2026\/03\/KTM-Pro-Racing-Round-01-02-768x512.jpg 768w, https:\/\/www.aignep.com\/wp-content\/uploads\/2026\/03\/KTM-Pro-Racing-Round-01-02-800x533.jpg 800w, https:\/\/www.aignep.com\/wp-content\/uploads\/2026\/03\/KTM-Pro-Racing-Round-01-02-1024x683.jpg 1024w, https:\/\/www.aignep.com\/wp-content\/uploads\/2026\/03\/KTM-Pro-Racing-Round-01-02.jpg 1200w\" data-sizes=\"auto\" \/><\/div><\/div><\/li><\/ul><div class=\"fusion-carousel-nav\"><button class=\"fusion-nav-prev awb-icon-left\" aria-label=\"Previous\"><\/button><button class=\"fusion-nav-next awb-icon-right\" aria-label=\"Next\"><\/button><\/div><\/div><\/div><\/div><\/div><style type=\"text\/css\">.fusion-body .fusion-builder-column-1{width:50% !important;margin-top : 0px;margin-bottom : 20px;}.fusion-builder-column-1 > .fusion-column-wrapper {padding-top : 0px !important;padding-right : 0px !important;margin-right : 3.84%;padding-bottom : 0px !important;padding-left : 0px !important;margin-left : 3.84%;}@media only screen and (max-width:1024px) {.fusion-body .fusion-builder-column-1{width:50% !important;order : 0;}.fusion-builder-column-1 > .fusion-column-wrapper {margin-right : 3.84%;margin-left : 3.84%;}}@media only screen and (max-width:768px) {.fusion-body .fusion-builder-column-1{width:100% !important;order : 0;}.fusion-builder-column-1 > .fusion-column-wrapper {margin-right : 1.92%;margin-left : 1.92%;}}<\/style><\/div><\/div><style type=\"text\/css\">.fusion-body .fusion-flex-container.fusion-builder-row-1{ padding-top : 0px;margin-top : 0px;padding-right : 0px;padding-bottom : 0px;margin-bottom : 0px;padding-left : 0px;}<\/style><\/div>\n","protected":false},"excerpt":{"rendered":"","protected":false},"author":6,"featured_media":29686,"menu_order":0,"comment_status":"closed","ping_status":"closed","template":"","format":"standard","meta":{"_expiration-date-status":"","_expiration-date":0,"_expiration-date-type":"","_expiration-date-categories":[],"_expiration-date-options":[]},"portfolio_category":[2588],"portfolio_skills":[],"portfolio_tags":[],"yoast_head":"<!-- This site is optimized with the Yoast SEO plugin v19.11 - https:\/\/yoast.com\/wordpress\/plugins\/seo\/ -->\n<title>Doppeltes Podium f\u00fcr KTM Pro Racing beim Auftakt der Assoluti d\u2019Italia - Aignep S.p.A.<\/title>\n<meta name=\"robots\" content=\"index, follow, max-snippet:-1, max-image-preview:large, max-video-preview:-1\" \/>\n<link rel=\"canonical\" href=\"https:\/\/www.aignep.com\/de\/news\/doppeltes-podium-fuer-ktm-pro-racing-beim-auftakt-der-assoluti-ditalia\/\" \/>\n<meta property=\"og:locale\" content=\"de_DE\" \/>\n<meta property=\"og:type\" content=\"article\" \/>\n<meta property=\"og:title\" content=\"Doppeltes Podium f\u00fcr KTM Pro Racing beim Auftakt der Assoluti d\u2019Italia - Aignep S.p.A.\" \/>\n<meta property=\"og:url\" content=\"https:\/\/www.aignep.com\/de\/news\/doppeltes-podium-fuer-ktm-pro-racing-beim-auftakt-der-assoluti-ditalia\/\" \/>\n<meta property=\"og:site_name\" content=\"Aignep S.p.A.\" \/>\n<meta property=\"article:modified_time\" content=\"2026-03-10T10:21:57+00:00\" \/>\n<meta property=\"og:image\" content=\"https:\/\/www.aignep.com\/wp-content\/uploads\/2022\/12\/01-opengraph-SEPEM.png\" \/>\n\t<meta property=\"og:image:width\" content=\"1200\" \/>\n\t<meta property=\"og:image:height\" content=\"627\" \/>\n\t<meta property=\"og:image:type\" content=\"image\/png\" \/>\n<meta name=\"twitter:card\" content=\"summary_large_image\" \/>\n<meta name=\"twitter:label1\" content=\"Gesch\u00e4tzte Lesezeit\" \/>\n\t<meta name=\"twitter:data1\" content=\"4 Minuten\" \/>\n<script type=\"application\/ld+json\" class=\"yoast-schema-graph\">{\"@context\":\"https:\/\/schema.org\",\"@graph\":[{\"@type\":\"WebPage\",\"@id\":\"https:\/\/www.aignep.com\/de\/news\/doppeltes-podium-fuer-ktm-pro-racing-beim-auftakt-der-assoluti-ditalia\/\",\"url\":\"https:\/\/www.aignep.com\/de\/news\/doppeltes-podium-fuer-ktm-pro-racing-beim-auftakt-der-assoluti-ditalia\/\",\"name\":\"Doppeltes Podium f\u00fcr KTM Pro Racing beim Auftakt der Assoluti d\u2019Italia - Aignep S.p.A.\",\"isPartOf\":{\"@id\":\"https:\/\/www.aignep.com\/de\/#website\"},\"datePublished\":\"2026-03-10T10:12:43+00:00\",\"dateModified\":\"2026-03-10T10:21:57+00:00\",\"breadcrumb\":{\"@id\":\"https:\/\/www.aignep.com\/de\/news\/doppeltes-podium-fuer-ktm-pro-racing-beim-auftakt-der-assoluti-ditalia\/#breadcrumb\"},\"inLanguage\":\"de-DE\",\"potentialAction\":[{\"@type\":\"ReadAction\",\"target\":[\"https:\/\/www.aignep.com\/de\/news\/doppeltes-podium-fuer-ktm-pro-racing-beim-auftakt-der-assoluti-ditalia\/\"]}]},{\"@type\":\"BreadcrumbList\",\"@id\":\"https:\/\/www.aignep.com\/de\/news\/doppeltes-podium-fuer-ktm-pro-racing-beim-auftakt-der-assoluti-ditalia\/#breadcrumb\",\"itemListElement\":[{\"@type\":\"ListItem\",\"position\":1,\"name\":\"Home\",\"item\":\"https:\/\/www.aignep.com\/de\/\"},{\"@type\":\"ListItem\",\"position\":2,\"name\":\"Portfolio\",\"item\":\"https:\/\/www.aignep.com\/de\/news\/\"},{\"@type\":\"ListItem\",\"position\":3,\"name\":\"Doppeltes Podium f\u00fcr KTM Pro Racing beim Auftakt der Assoluti d\u2019Italia\"}]},{\"@type\":\"WebSite\",\"@id\":\"https:\/\/www.aignep.com\/de\/#website\",\"url\":\"https:\/\/www.aignep.com\/de\/\",\"name\":\"Aignep S.p.A.\",\"description\":\"Herstellung von Fluid- und Druckluftkomponenten\",\"potentialAction\":[{\"@type\":\"SearchAction\",\"target\":{\"@type\":\"EntryPoint\",\"urlTemplate\":\"https:\/\/www.aignep.com\/de\/?s={search_term_string}\"},\"query-input\":\"required name=search_term_string\"}],\"inLanguage\":\"de-DE\"}]}<\/script>\n<!-- \/ Yoast SEO plugin. -->","yoast_head_json":{"title":"Doppeltes Podium f\u00fcr KTM Pro Racing beim Auftakt der Assoluti d\u2019Italia - Aignep S.p.A.","robots":{"index":"index","follow":"follow","max-snippet":"max-snippet:-1","max-image-preview":"max-image-preview:large","max-video-preview":"max-video-preview:-1"},"canonical":"https:\/\/www.aignep.com\/de\/news\/doppeltes-podium-fuer-ktm-pro-racing-beim-auftakt-der-assoluti-ditalia\/","og_locale":"de_DE","og_type":"article","og_title":"Doppeltes Podium f\u00fcr KTM Pro Racing beim Auftakt der Assoluti d\u2019Italia - Aignep S.p.A.","og_url":"https:\/\/www.aignep.com\/de\/news\/doppeltes-podium-fuer-ktm-pro-racing-beim-auftakt-der-assoluti-ditalia\/","og_site_name":"Aignep S.p.A.","article_modified_time":"2026-03-10T10:21:57+00:00","og_image":[{"width":1200,"height":627,"url":"https:\/\/www.aignep.com\/wp-content\/uploads\/2022\/12\/01-opengraph-SEPEM.png","type":"image\/png"}],"twitter_card":"summary_large_image","twitter_misc":{"Gesch\u00e4tzte Lesezeit":"4 Minuten"},"schema":{"@context":"https:\/\/schema.org","@graph":[{"@type":"WebPage","@id":"https:\/\/www.aignep.com\/de\/news\/doppeltes-podium-fuer-ktm-pro-racing-beim-auftakt-der-assoluti-ditalia\/","url":"https:\/\/www.aignep.com\/de\/news\/doppeltes-podium-fuer-ktm-pro-racing-beim-auftakt-der-assoluti-ditalia\/","name":"Doppeltes Podium f\u00fcr KTM Pro Racing beim Auftakt der Assoluti d\u2019Italia - Aignep S.p.A.","isPartOf":{"@id":"https:\/\/www.aignep.com\/de\/#website"},"datePublished":"2026-03-10T10:12:43+00:00","dateModified":"2026-03-10T10:21:57+00:00","breadcrumb":{"@id":"https:\/\/www.aignep.com\/de\/news\/doppeltes-podium-fuer-ktm-pro-racing-beim-auftakt-der-assoluti-ditalia\/#breadcrumb"},"inLanguage":"de-DE","potentialAction":[{"@type":"ReadAction","target":["https:\/\/www.aignep.com\/de\/news\/doppeltes-podium-fuer-ktm-pro-racing-beim-auftakt-der-assoluti-ditalia\/"]}]},{"@type":"BreadcrumbList","@id":"https:\/\/www.aignep.com\/de\/news\/doppeltes-podium-fuer-ktm-pro-racing-beim-auftakt-der-assoluti-ditalia\/#breadcrumb","itemListElement":[{"@type":"ListItem","position":1,"name":"Home","item":"https:\/\/www.aignep.com\/de\/"},{"@type":"ListItem","position":2,"name":"Portfolio","item":"https:\/\/www.aignep.com\/de\/news\/"},{"@type":"ListItem","position":3,"name":"Doppeltes Podium f\u00fcr KTM Pro Racing beim Auftakt der Assoluti d\u2019Italia"}]},{"@type":"WebSite","@id":"https:\/\/www.aignep.com\/de\/#website","url":"https:\/\/www.aignep.com\/de\/","name":"Aignep S.p.A.","description":"Herstellung von Fluid- und Druckluftkomponenten","potentialAction":[{"@type":"SearchAction","target":{"@type":"EntryPoint","urlTemplate":"https:\/\/www.aignep.com\/de\/?s={search_term_string}"},"query-input":"required name=search_term_string"}],"inLanguage":"de-DE"}]}},"_links":{"self":[{"href":"https:\/\/www.aignep.com\/de\/wp-json\/wp\/v2\/avada_portfolio\/29691"}],"collection":[{"href":"https:\/\/www.aignep.com\/de\/wp-json\/wp\/v2\/avada_portfolio"}],"about":[{"href":"https:\/\/www.aignep.com\/de\/wp-json\/wp\/v2\/types\/avada_portfolio"}],"author":[{"embeddable":true,"href":"https:\/\/www.aignep.com\/de\/wp-json\/wp\/v2\/users\/6"}],"replies":[{"embeddable":true,"href":"https:\/\/www.aignep.com\/de\/wp-json\/wp\/v2\/comments?post=29691"}],"version-history":[{"count":2,"href":"https:\/\/www.aignep.com\/de\/wp-json\/wp\/v2\/avada_portfolio\/29691\/revisions"}],"predecessor-version":[{"id":29709,"href":"https:\/\/www.aignep.com\/de\/wp-json\/wp\/v2\/avada_portfolio\/29691\/revisions\/29709"}],"wp:featuredmedia":[{"embeddable":true,"href":"https:\/\/www.aignep.com\/de\/wp-json\/wp\/v2\/media\/29686"}],"wp:attachment":[{"href":"https:\/\/www.aignep.com\/de\/wp-json\/wp\/v2\/media?parent=29691"}],"wp:term":[{"taxonomy":"portfolio_category","embeddable":true,"href":"https:\/\/www.aignep.com\/de\/wp-json\/wp\/v2\/portfolio_category?post=29691"},{"taxonomy":"portfolio_skills","embeddable":true,"href":"https:\/\/www.aignep.com\/de\/wp-json\/wp\/v2\/portfolio_skills?post=29691"},{"taxonomy":"portfolio_tags","embeddable":true,"href":"https:\/\/www.aignep.com\/de\/wp-json\/wp\/v2\/portfolio_tags?post=29691"}],"curies":[{"name":"wp","href":"https:\/\/api.w.org\/{rel}","templated":true}]}}