{"id":33605,"date":"2026-08-31T07:42:13","date_gmt":"2026-08-31T05:42:13","guid":{"rendered":"https:\/\/www.aignep.com\/?post_type=avada_portfolio&#038;p=33605"},"modified":"2026-08-31T07:59:09","modified_gmt":"2026-08-31T05:59:09","slug":"romain-dagna-e-campeao-mundial-da-junior-2-2026","status":"publish","type":"avada_portfolio","link":"https:\/\/www.aignep.com\/es\/news\/romain-dagna-e-campeao-mundial-da-junior-2-2026\/","title":{"rendered":"Romain Dagna \u00e9 Campe\u00e3o Mundial da Junior 2 2026"},"content":{"rendered":"<div class=\"fusion-fullwidth fullwidth-box fusion-builder-row-1 fusion-flex-container has-pattern-background has-mask-background nonhundred-percent-fullwidth non-hundred-percent-height-scrolling news_seo\" style=\"--awb-border-radius-top-left:0px;--awb-border-radius-top-right:0px;--awb-border-radius-bottom-right:0px;--awb-border-radius-bottom-left:0px;--awb-flex-wrap:wrap;\" ><div class=\"fusion-builder-row fusion-row fusion-flex-align-items-center fusion-flex-content-wrap\" style=\"max-width:1393.6px;margin-left: calc(-4% \/ 2 );margin-right: calc(-4% \/ 2 );\"><div class=\"fusion-layout-column fusion_builder_column fusion-builder-column-0 fusion_builder_column_1_2 1_2 fusion-flex-column\" style=\"--awb-bg-size:cover;--awb-width-large:50%;--awb-margin-top-large:0px;--awb-spacing-right-large:3.84%;--awb-margin-bottom-large:20px;--awb-spacing-left-large:3.84%;--awb-width-medium:50%;--awb-order-medium:0;--awb-spacing-right-medium:3.84%;--awb-spacing-left-medium:3.84%;--awb-width-small:100%;--awb-order-small:0;--awb-spacing-right-small:1.92%;--awb-spacing-left-small:1.92%;\"><div class=\"fusion-column-wrapper fusion-column-has-shadow fusion-flex-justify-content-flex-start fusion-content-layout-column\"><div class=\"fusion-text fusion-text-1\" style=\"--awb-text-transform:none;\"><h2 class=\"text-text-100 mt-2 -mb-1 text-base font-bold\" dir=\"auto\" data-sourcepos=\"3:1-3:86;67-152\">El Team KTM Pro Racing cierra la temporada del mundial en Gales con un primer puesto y dos segundos puestos<\/h2>\n<p dir=\"ltr\">El <strong>Team KTM Pro Racing<\/strong>, liderado por Alex Belometti, cerr\u00f3 el <strong>FIM EnduroGP World Championship 2026<\/strong> en Gales, \u00faltima cita de la temporada disputada en Rhayader, celebrando la conquista del t\u00edtulo de <strong>Junior 2<\/strong> con <strong>Romain Dagna<\/strong>.<\/p>\n<p dir=\"ltr\"><strong>Dagna<\/strong>, l\u00edder de la categor\u00eda durante pr\u00e1cticamente toda la temporada, termin\u00f3 el s\u00e1bado 2\u00ba en Junior 2 y 4\u00ba en la Junior Overall, <strong>asegurando matem\u00e1ticamente el t\u00edtulo<\/strong> con una prueba de antelaci\u00f3n. El domingo administr\u00f3 su ventaja terminando 6\u00ba y 10\u00ba, cerrando el a\u00f1o <strong>3\u00ba en la clasificaci\u00f3n final Junior Overall<\/strong>.<\/p>\n<p dir=\"ltr\"><strong>Simone Cagnoni<\/strong> tambi\u00e9n vivi\u00f3 una gran temporada: tras lograr su <strong>primera victoria mundialista<\/strong> en Francia, termin\u00f3 el campeonato <strong>3\u00ba en la categor\u00eda Youth<\/strong>, empatado a puntos con el 2\u00ba clasificado. En Gales firm\u00f3 un 7\u00ba y un 5\u00ba puesto, logrando el mejor tiempo en el segundo Extreme Test del domingo.<\/p>\n<p dir=\"ltr\"><strong>Gabin Allemand<\/strong>, tras una temporada marcada por las lesiones pero con un podio en Francia, cerr\u00f3 Gales con un 6\u00ba y un 8\u00ba puesto, recuperando progresivamente ritmo y confianza.<\/p>\n<p dir=\"ltr\">Entre los dem\u00e1s pilotos apoyados por el equipo: <strong>Alfons Lindstr\u00f6m<\/strong> (Junior 2) 11\u00ba\/8\u00ba, <strong>Mille S\u00f6derblom<\/strong> (Youth) 12\u00ba\/11\u00ba, <strong>Kacper Baklarz<\/strong> (Open 2T) 6\u00ba\/5\u00ba, <strong>Robin Wiss<\/strong> (Open 4T) 8\u00ba\/8\u00ba.<\/p>\n<p dir=\"ltr\"><strong>Alex Belometti, Team Manager:<\/strong> <em>\u00abCerramos este Mundial con una enorme satisfacci\u00f3n: Romain es Campe\u00f3n de Junior 2, un premio al gran trabajo realizado durante toda la temporada. Para Simone y Gabin fue un a\u00f1o de crecimiento importante a pesar de las dificultades. Gracias a todos los pilotos, a nuestro staff, a KTM Farioli y a todos los patrocinadores: la mejor manera de cerrar este campeonato.\u00bb<\/em><\/p>\n<\/div><div ><a class=\"fusion-button button-flat fusion-button-default-size button-default fusion-button-default button-1 fusion-button-default-span fusion-button-default-type\" style=\"--awb-margin-bottom:20px;\" target=\"_blank\" rel=\"noopener noreferrer\" href=\"https:\/\/4iyyt.r.a.d.sendibm1.com\/mk\/mr\/sh\/6rqJ8GoudeITQpqEnSURcX5Klj0\/ydqzwqRFqwQz\"><span class=\"fusion-button-text awb-button__text awb-button__text--default\">Leer el art\u00edculo<\/span><\/a><\/div><div ><a class=\"fusion-button button-flat fusion-button-default-size button-default fusion-button-default button-2 fusion-button-default-span fusion-button-default-type\" target=\"_self\" href=\"https:\/\/mclumezzane.com\/\"><span class=\"fusion-button-text awb-button__text awb-button__text--default\">MCLUMEZZANE<\/span><\/a><\/div><\/div><\/div><div class=\"fusion-layout-column fusion_builder_column fusion-builder-column-1 fusion_builder_column_1_2 1_2 fusion-flex-column\" style=\"--awb-bg-size:cover;--awb-width-large:50%;--awb-margin-top-large:0px;--awb-spacing-right-large:3.84%;--awb-margin-bottom-large:20px;--awb-spacing-left-large:3.84%;--awb-width-medium:50%;--awb-order-medium:0;--awb-spacing-right-medium:3.84%;--awb-spacing-left-medium:3.84%;--awb-width-small:100%;--awb-order-small:0;--awb-spacing-right-small:1.92%;--awb-spacing-left-small:1.92%;\"><div class=\"fusion-column-wrapper fusion-column-has-shadow fusion-flex-justify-content-flex-start fusion-content-layout-column\"><div class=\"fusion-image-carousel fusion-image-carousel-auto fusion-image-carousel-1 fusion-carousel-border\"><div class=\"awb-carousel awb-swiper awb-swiper-carousel awb-carousel--carousel awb-swiper-dots-position-bottom\" data-layout=\"carousel\" data-autoplay=\"no\" data-autoplayspeed=\"2500\" data-autoplaypause=\"no\" data-loop=\"yes\" data-columns=\"1\" data-columnsmedium=\"1\" data-columnssmall=\"1\" data-itemmargin=\"13\" data-itemwidth=\"180\" data-touchscroll=\"no\" data-freemode=\"no\" data-imagesize=\"auto\" data-scrollitems=\"0\" data-scrollitems-medium=\"0\" data-scrollitems-small=\"0\" data-centeredslides=\"no\" data-rotationangle=\"50\" data-depth=\"100\" data-speed=\"500\" data-shadow=\"no\" data-pagination=\"bullets\" style=\"--awb-columns:1;--awb-border-width:1px;--awb-border-color:#e9eaee;--awb-dots-align:center;\"><div class=\"swiper-wrapper awb-image-carousel-wrapper fusion-flex-align-items-center\"><div class=\"swiper-slide\"><div class=\"fusion-carousel-item-wrapper\"><div class=\"fusion-image-wrapper hover-type-none\"><img decoding=\"async\" width=\"800\" height=\"533\" src=\"https:\/\/www.aignep.com\/wp-content\/uploads\/2026\/08\/1.jpg\" class=\"attachment-full size-full lazyload\" alt=\"\" srcset=\"data:image\/svg+xml,%3Csvg%20xmlns%3D%27http%3A%2F%2Fwww.w3.org%2F2000%2Fsvg%27%20width%3D%27800%27%20height%3D%27533%27%20viewBox%3D%270%200%20800%20533%27%3E%3Crect%20width%3D%27800%27%20height%3D%27533%27%20fill-opacity%3D%220%22%2F%3E%3C%2Fsvg%3E\" data-orig-src=\"https:\/\/www.aignep.com\/wp-content\/uploads\/2026\/08\/1.jpg\" data-srcset=\"https:\/\/www.aignep.com\/wp-content\/uploads\/2026\/08\/1-200x133.jpg 200w, https:\/\/www.aignep.com\/wp-content\/uploads\/2026\/08\/1-300x200.jpg 300w, https:\/\/www.aignep.com\/wp-content\/uploads\/2026\/08\/1-400x267.jpg 400w, https:\/\/www.aignep.com\/wp-content\/uploads\/2026\/08\/1-600x400.jpg 600w, https:\/\/www.aignep.com\/wp-content\/uploads\/2026\/08\/1-768x512.jpg 768w, https:\/\/www.aignep.com\/wp-content\/uploads\/2026\/08\/1.jpg 800w\" data-sizes=\"auto\" \/><\/div><\/div><\/div><div class=\"swiper-slide\"><div class=\"fusion-carousel-item-wrapper\"><div class=\"fusion-image-wrapper hover-type-none\"><img decoding=\"async\" width=\"800\" height=\"533\" src=\"https:\/\/www.aignep.com\/wp-content\/uploads\/2026\/08\/2.jpg\" class=\"attachment-full size-full lazyload\" alt=\"\" srcset=\"data:image\/svg+xml,%3Csvg%20xmlns%3D%27http%3A%2F%2Fwww.w3.org%2F2000%2Fsvg%27%20width%3D%27800%27%20height%3D%27533%27%20viewBox%3D%270%200%20800%20533%27%3E%3Crect%20width%3D%27800%27%20height%3D%27533%27%20fill-opacity%3D%220%22%2F%3E%3C%2Fsvg%3E\" data-orig-src=\"https:\/\/www.aignep.com\/wp-content\/uploads\/2026\/08\/2.jpg\" data-srcset=\"https:\/\/www.aignep.com\/wp-content\/uploads\/2026\/08\/2-200x133.jpg 200w, https:\/\/www.aignep.com\/wp-content\/uploads\/2026\/08\/2-300x200.jpg 300w, https:\/\/www.aignep.com\/wp-content\/uploads\/2026\/08\/2-400x267.jpg 400w, https:\/\/www.aignep.com\/wp-content\/uploads\/2026\/08\/2-600x400.jpg 600w, https:\/\/www.aignep.com\/wp-content\/uploads\/2026\/08\/2-768x512.jpg 768w, https:\/\/www.aignep.com\/wp-content\/uploads\/2026\/08\/2.jpg 800w\" data-sizes=\"auto\" \/><\/div><\/div><\/div><div class=\"swiper-slide\"><div class=\"fusion-carousel-item-wrapper\"><div class=\"fusion-image-wrapper hover-type-none\"><img decoding=\"async\" width=\"800\" height=\"533\" src=\"https:\/\/www.aignep.com\/wp-content\/uploads\/2026\/08\/3.jpg\" class=\"attachment-full size-full lazyload\" alt=\"\" srcset=\"data:image\/svg+xml,%3Csvg%20xmlns%3D%27http%3A%2F%2Fwww.w3.org%2F2000%2Fsvg%27%20width%3D%27800%27%20height%3D%27533%27%20viewBox%3D%270%200%20800%20533%27%3E%3Crect%20width%3D%27800%27%20height%3D%27533%27%20fill-opacity%3D%220%22%2F%3E%3C%2Fsvg%3E\" data-orig-src=\"https:\/\/www.aignep.com\/wp-content\/uploads\/2026\/08\/3.jpg\" data-srcset=\"https:\/\/www.aignep.com\/wp-content\/uploads\/2026\/08\/3-200x133.jpg 200w, https:\/\/www.aignep.com\/wp-content\/uploads\/2026\/08\/3-300x200.jpg 300w, https:\/\/www.aignep.com\/wp-content\/uploads\/2026\/08\/3-400x267.jpg 400w, https:\/\/www.aignep.com\/wp-content\/uploads\/2026\/08\/3-600x400.jpg 600w, https:\/\/www.aignep.com\/wp-content\/uploads\/2026\/08\/3-768x512.jpg 768w, https:\/\/www.aignep.com\/wp-content\/uploads\/2026\/08\/3.jpg 800w\" data-sizes=\"auto\" \/><\/div><\/div><\/div><\/div><div class=\"awb-swiper-button awb-swiper-button-prev\"><i class=\"awb-icon-angle-left\" aria-hidden=\"true\"><\/i><\/div><div class=\"awb-swiper-button awb-swiper-button-next\"><i class=\"awb-icon-angle-right\" aria-hidden=\"true\"><\/i><\/div><\/div><\/div><\/div><\/div><\/div><\/div>\n","protected":false},"excerpt":{"rendered":"","protected":false},"author":6,"featured_media":33612,"menu_order":0,"comment_status":"closed","ping_status":"closed","template":"","format":"standard","meta":{"footnotes":""},"portfolio_category":[2591],"portfolio_skills":[],"portfolio_tags":[],"class_list":["post-33605","avada_portfolio","type-avada_portfolio","status-publish","format-standard","has-post-thumbnail","hentry","portfolio_category-deporte-sociedad"],"yoast_head":"<!-- This site is optimized with the Yoast SEO plugin v28.2 - https:\/\/yoast.com\/product\/yoast-seo-wordpress\/ -->\n<title>Romain Dagna \u00e9 Campe\u00e3o Mundial da Junior 2 2026 - Aignep S.p.A.<\/title>\n<meta name=\"robots\" content=\"index, follow, max-snippet:-1, max-image-preview:large, max-video-preview:-1\" \/>\n<link rel=\"canonical\" href=\"https:\/\/www.aignep.com\/es\/news\/romain-dagna-e-campeao-mundial-da-junior-2-2026\/\" \/>\n<meta property=\"og:locale\" content=\"es_ES\" \/>\n<meta property=\"og:type\" content=\"article\" \/>\n<meta property=\"og:title\" content=\"Romain Dagna \u00e9 Campe\u00e3o Mundial da Junior 2 2026 - Aignep S.p.A.\" \/>\n<meta property=\"og:url\" content=\"https:\/\/www.aignep.com\/es\/news\/romain-dagna-e-campeao-mundial-da-junior-2-2026\/\" \/>\n<meta property=\"og:site_name\" content=\"Aignep S.p.A.\" \/>\n<meta property=\"article:modified_time\" content=\"2026-08-31T05:59:09+00:00\" \/>\n<meta property=\"og:image\" content=\"https:\/\/www.aignep.com\/wp-content\/uploads\/2022\/12\/01-opengraph-SEPEM.png\" \/>\n\t<meta property=\"og:image:width\" content=\"1200\" \/>\n\t<meta property=\"og:image:height\" content=\"627\" \/>\n\t<meta property=\"og:image:type\" content=\"image\/png\" \/>\n<meta name=\"twitter:card\" content=\"summary_large_image\" \/>\n<meta name=\"twitter:label1\" content=\"Tiempo de lectura\" \/>\n\t<meta name=\"twitter:data1\" content=\"3 minutos\" \/>\n<script type=\"application\/ld+json\" class=\"yoast-schema-graph\">{\"@context\":\"https:\\\/\\\/schema.org\",\"@graph\":[{\"@type\":\"WebPage\",\"@id\":\"https:\\\/\\\/www.aignep.com\\\/es\\\/news\\\/romain-dagna-e-campeao-mundial-da-junior-2-2026\\\/\",\"url\":\"https:\\\/\\\/www.aignep.com\\\/es\\\/news\\\/romain-dagna-e-campeao-mundial-da-junior-2-2026\\\/\",\"name\":\"Romain Dagna \u00e9 Campe\u00e3o Mundial da Junior 2 2026 - Aignep S.p.A.\",\"isPartOf\":{\"@id\":\"https:\\\/\\\/www.aignep.com\\\/es\\\/#website\"},\"primaryImageOfPage\":{\"@id\":\"https:\\\/\\\/www.aignep.com\\\/es\\\/news\\\/romain-dagna-e-campeao-mundial-da-junior-2-2026\\\/#primaryimage\"},\"image\":{\"@id\":\"https:\\\/\\\/www.aignep.com\\\/es\\\/news\\\/romain-dagna-e-campeao-mundial-da-junior-2-2026\\\/#primaryimage\"},\"thumbnailUrl\":\"https:\\\/\\\/www.aignep.com\\\/wp-content\\\/uploads\\\/2026\\\/08\\\/2.jpg\",\"datePublished\":\"2026-08-31T05:42:13+00:00\",\"dateModified\":\"2026-08-31T05:59:09+00:00\",\"breadcrumb\":{\"@id\":\"https:\\\/\\\/www.aignep.com\\\/es\\\/news\\\/romain-dagna-e-campeao-mundial-da-junior-2-2026\\\/#breadcrumb\"},\"inLanguage\":\"es\",\"potentialAction\":[{\"@type\":\"ReadAction\",\"target\":[\"https:\\\/\\\/www.aignep.com\\\/es\\\/news\\\/romain-dagna-e-campeao-mundial-da-junior-2-2026\\\/\"]}]},{\"@type\":\"ImageObject\",\"inLanguage\":\"es\",\"@id\":\"https:\\\/\\\/www.aignep.com\\\/es\\\/news\\\/romain-dagna-e-campeao-mundial-da-junior-2-2026\\\/#primaryimage\",\"url\":\"https:\\\/\\\/www.aignep.com\\\/wp-content\\\/uploads\\\/2026\\\/08\\\/2.jpg\",\"contentUrl\":\"https:\\\/\\\/www.aignep.com\\\/wp-content\\\/uploads\\\/2026\\\/08\\\/2.jpg\",\"width\":800,\"height\":533},{\"@type\":\"BreadcrumbList\",\"@id\":\"https:\\\/\\\/www.aignep.com\\\/es\\\/news\\\/romain-dagna-e-campeao-mundial-da-junior-2-2026\\\/#breadcrumb\",\"itemListElement\":[{\"@type\":\"ListItem\",\"position\":1,\"name\":\"Home\",\"item\":\"https:\\\/\\\/www.aignep.com\\\/es\\\/\"},{\"@type\":\"ListItem\",\"position\":2,\"name\":\"Portfolio\",\"item\":\"https:\\\/\\\/www.aignep.com\\\/es\\\/news\\\/\"},{\"@type\":\"ListItem\",\"position\":3,\"name\":\"Romain Dagna \u00e9 Campe\u00e3o Mundial da Junior 2 2026\"}]},{\"@type\":\"WebSite\",\"@id\":\"https:\\\/\\\/www.aignep.com\\\/es\\\/#website\",\"url\":\"https:\\\/\\\/www.aignep.com\\\/es\\\/\",\"name\":\"Aignep S.p.A.\",\"description\":\"Produ\u00e7\u00e3o de componentes de fluidos e ar comprimido\",\"potentialAction\":[{\"@type\":\"SearchAction\",\"target\":{\"@type\":\"EntryPoint\",\"urlTemplate\":\"https:\\\/\\\/www.aignep.com\\\/es\\\/?s={search_term_string}\"},\"query-input\":{\"@type\":\"PropertyValueSpecification\",\"valueRequired\":true,\"valueName\":\"search_term_string\"}}],\"inLanguage\":\"es\"}]}<\/script>\n<!-- \/ Yoast SEO plugin. -->","yoast_head_json":{"title":"Romain Dagna \u00e9 Campe\u00e3o Mundial da Junior 2 2026 - Aignep S.p.A.","robots":{"index":"index","follow":"follow","max-snippet":"max-snippet:-1","max-image-preview":"max-image-preview:large","max-video-preview":"max-video-preview:-1"},"canonical":"https:\/\/www.aignep.com\/es\/news\/romain-dagna-e-campeao-mundial-da-junior-2-2026\/","og_locale":"es_ES","og_type":"article","og_title":"Romain Dagna \u00e9 Campe\u00e3o Mundial da Junior 2 2026 - Aignep S.p.A.","og_url":"https:\/\/www.aignep.com\/es\/news\/romain-dagna-e-campeao-mundial-da-junior-2-2026\/","og_site_name":"Aignep S.p.A.","article_modified_time":"2026-08-31T05:59:09+00:00","og_image":[{"width":1200,"height":627,"url":"https:\/\/www.aignep.com\/wp-content\/uploads\/2022\/12\/01-opengraph-SEPEM.png","type":"image\/png"}],"twitter_card":"summary_large_image","twitter_misc":{"Tiempo de lectura":"3 minutos"},"schema":{"@context":"https:\/\/schema.org","@graph":[{"@type":"WebPage","@id":"https:\/\/www.aignep.com\/es\/news\/romain-dagna-e-campeao-mundial-da-junior-2-2026\/","url":"https:\/\/www.aignep.com\/es\/news\/romain-dagna-e-campeao-mundial-da-junior-2-2026\/","name":"Romain Dagna \u00e9 Campe\u00e3o Mundial da Junior 2 2026 - Aignep S.p.A.","isPartOf":{"@id":"https:\/\/www.aignep.com\/es\/#website"},"primaryImageOfPage":{"@id":"https:\/\/www.aignep.com\/es\/news\/romain-dagna-e-campeao-mundial-da-junior-2-2026\/#primaryimage"},"image":{"@id":"https:\/\/www.aignep.com\/es\/news\/romain-dagna-e-campeao-mundial-da-junior-2-2026\/#primaryimage"},"thumbnailUrl":"https:\/\/www.aignep.com\/wp-content\/uploads\/2026\/08\/2.jpg","datePublished":"2026-08-31T05:42:13+00:00","dateModified":"2026-08-31T05:59:09+00:00","breadcrumb":{"@id":"https:\/\/www.aignep.com\/es\/news\/romain-dagna-e-campeao-mundial-da-junior-2-2026\/#breadcrumb"},"inLanguage":"es","potentialAction":[{"@type":"ReadAction","target":["https:\/\/www.aignep.com\/es\/news\/romain-dagna-e-campeao-mundial-da-junior-2-2026\/"]}]},{"@type":"ImageObject","inLanguage":"es","@id":"https:\/\/www.aignep.com\/es\/news\/romain-dagna-e-campeao-mundial-da-junior-2-2026\/#primaryimage","url":"https:\/\/www.aignep.com\/wp-content\/uploads\/2026\/08\/2.jpg","contentUrl":"https:\/\/www.aignep.com\/wp-content\/uploads\/2026\/08\/2.jpg","width":800,"height":533},{"@type":"BreadcrumbList","@id":"https:\/\/www.aignep.com\/es\/news\/romain-dagna-e-campeao-mundial-da-junior-2-2026\/#breadcrumb","itemListElement":[{"@type":"ListItem","position":1,"name":"Home","item":"https:\/\/www.aignep.com\/es\/"},{"@type":"ListItem","position":2,"name":"Portfolio","item":"https:\/\/www.aignep.com\/es\/news\/"},{"@type":"ListItem","position":3,"name":"Romain Dagna \u00e9 Campe\u00e3o Mundial da Junior 2 2026"}]},{"@type":"WebSite","@id":"https:\/\/www.aignep.com\/es\/#website","url":"https:\/\/www.aignep.com\/es\/","name":"Aignep S.p.A.","description":"Produ\u00e7\u00e3o de componentes de fluidos e ar comprimido","potentialAction":[{"@type":"SearchAction","target":{"@type":"EntryPoint","urlTemplate":"https:\/\/www.aignep.com\/es\/?s={search_term_string}"},"query-input":{"@type":"PropertyValueSpecification","valueRequired":true,"valueName":"search_term_string"}}],"inLanguage":"es"}]}},"publishpress_future_workflow_manual_trigger":{"enabledWorkflows":[]},"_links":{"self":[{"href":"https:\/\/www.aignep.com\/es\/wp-json\/wp\/v2\/avada_portfolio\/33605","targetHints":{"allow":["GET"]}}],"collection":[{"href":"https:\/\/www.aignep.com\/es\/wp-json\/wp\/v2\/avada_portfolio"}],"about":[{"href":"https:\/\/www.aignep.com\/es\/wp-json\/wp\/v2\/types\/avada_portfolio"}],"author":[{"embeddable":true,"href":"https:\/\/www.aignep.com\/es\/wp-json\/wp\/v2\/users\/6"}],"replies":[{"embeddable":true,"href":"https:\/\/www.aignep.com\/es\/wp-json\/wp\/v2\/comments?post=33605"}],"version-history":[{"count":1,"href":"https:\/\/www.aignep.com\/es\/wp-json\/wp\/v2\/avada_portfolio\/33605\/revisions"}],"predecessor-version":[{"id":33639,"href":"https:\/\/www.aignep.com\/es\/wp-json\/wp\/v2\/avada_portfolio\/33605\/revisions\/33639"}],"wp:featuredmedia":[{"embeddable":true,"href":"https:\/\/www.aignep.com\/es\/wp-json\/wp\/v2\/media\/33612"}],"wp:attachment":[{"href":"https:\/\/www.aignep.com\/es\/wp-json\/wp\/v2\/media?parent=33605"}],"wp:term":[{"taxonomy":"portfolio_category","embeddable":true,"href":"https:\/\/www.aignep.com\/es\/wp-json\/wp\/v2\/portfolio_category?post=33605"},{"taxonomy":"portfolio_skills","embeddable":true,"href":"https:\/\/www.aignep.com\/es\/wp-json\/wp\/v2\/portfolio_skills?post=33605"},{"taxonomy":"portfolio_tags","embeddable":true,"href":"https:\/\/www.aignep.com\/es\/wp-json\/wp\/v2\/portfolio_tags?post=33605"}],"curies":[{"name":"wp","href":"https:\/\/api.w.org\/{rel}","templated":true}]}}