{"id":29474,"date":"2026-03-02T14:52:19","date_gmt":"2026-03-02T13:52:19","guid":{"rendered":"https:\/\/www.aignep.com\/?post_type=avada_portfolio&#038;p=29474"},"modified":"2026-03-02T14:53:20","modified_gmt":"2026-03-02T13:53:20","slug":"ktm-pro-racing-pret-pour-la-saison-enduro-2026","status":"publish","type":"avada_portfolio","link":"https:\/\/www.aignep.com\/fr\/news\/ktm-pro-racing-pret-pour-la-saison-enduro-2026\/","title":{"rendered":"KTM Pro Racing pr\u00eat pour la saison Enduro 2026"},"content":{"rendered":"<div class=\"fusion-fullwidth fullwidth-box fusion-builder-row-1 fusion-flex-container has-pattern-background has-mask-background news_seo nonhundred-percent-fullwidth non-hundred-percent-height-scrolling\" style=\"background-color: var(--awb-color1);background-position: center center;background-repeat: no-repeat;border-width: 0px 0px 0px 0px;border-color:var(--awb-color3);border-style:solid;\" ><div class=\"fusion-builder-row fusion-row fusion-flex-align-items-center\" style=\"max-width:1393.6px;margin-left: calc(-4% \/ 2 );margin-right: calc(-4% \/ 2 );\"><div class=\"fusion-layout-column fusion_builder_column fusion-builder-column-0 fusion_builder_column_1_2 1_2 fusion-flex-column\"><div class=\"fusion-column-wrapper fusion-flex-justify-content-flex-start fusion-content-layout-column\" style=\"background-position:left top;background-repeat:no-repeat;-webkit-background-size:cover;-moz-background-size:cover;-o-background-size:cover;background-size:cover;padding: 0px 0px 0px 0px;\"><div class=\"fusion-text fusion-text-1\" style=\"text-transform:none;\"><h2 data-start=\"1663\" data-end=\"1827\">Le Team KTM Pro Racing dirig\u00e9 par Alex Belometti<\/h2>\n<p data-start=\"2091\" data-end=\"2453\">a pr\u00e9sent\u00e9 la saison 2026 en confirmant le soutien du Moto Club Lumezzane et la collaboration avec KTM Italia et KTM Farioli. L\u2019\u00e9quipe participera au Championnat du Monde FIM EnduroGP, au Championnat d\u2019Italie Absolu d\u2019Enduro et \u00e0 la 100e \u00e9dition des Six Jours Internationaux d\u2019Enduro au Portugal.<\/p>\n<p data-start=\"2455\" data-end=\"2708\">Apr\u00e8s les succ\u00e8s des derni\u00e8res saisons, l\u2019\u00e9quipe continue de miser sur les jeunes talents. Le champion du monde Youth 2025 Romain Dagna passera en cat\u00e9gorie Junior EJ2, tandis que les nouvelles recrues Gabin Allemand et Simone Cagnoni courront en Youth.<\/p>\n<p data-start=\"2710\" data-end=\"2972\">Le programme comprend sept manches mondiales et cinq \u00e9preuves nationales, avec une saison intense entre l\u2019Italie et l\u2019Europe. L\u2019objectif est de poursuivre la croissance technique et sportive et de maintenir l\u2019\u00e9quipe au plus haut niveau de l\u2019enduro international.<\/p>\n<\/div><div ><style>.fusion-body .fusion-button.button-1{border-radius:0 0 0 0;}<\/style><a class=\"fusion-button button-flat fusion-button-default-size button-default button-1 fusion-button-default-span fusion-button-default-type\" target=\"_blank\" rel=\"noopener noreferrer\" href=\"https:\/\/4iyyt.r.a.d.sendibm1.com\/mk\/mr\/sh\/6rqJ8GoudeITQpqEnSURcX5Klj0\/RtTCCICPuS89\" style=\"margin-bottom:20px;\"><span class=\"fusion-button-text\">Lire l&rsquo;article<\/span><\/a><\/div><div ><style>.fusion-body .fusion-button.button-2{border-radius:0 0 0 0;}<\/style><a class=\"fusion-button button-flat fusion-button-default-size button-default button-2 fusion-button-default-span fusion-button-default-type\" target=\"_self\" href=\"https:\/\/mclumezzane.com\/\"><span class=\"fusion-button-text\">mclumezzane.com<\/span><\/a><\/div><\/div><style type=\"text\/css\">.fusion-body .fusion-builder-column-0{width:50% !important;margin-top : 0px;margin-bottom : 20px;}.fusion-builder-column-0 > .fusion-column-wrapper {padding-top : 0px !important;padding-right : 0px !important;margin-right : 3.84%;padding-bottom : 0px !important;padding-left : 0px !important;margin-left : 3.84%;}@media only screen and (max-width:1024px) {.fusion-body .fusion-builder-column-0{width:50% !important;order : 0;}.fusion-builder-column-0 > .fusion-column-wrapper {margin-right : 3.84%;margin-left : 3.84%;}}@media only screen and (max-width:768px) {.fusion-body .fusion-builder-column-0{width:100% !important;order : 0;}.fusion-builder-column-0 > .fusion-column-wrapper {margin-right : 1.92%;margin-left : 1.92%;}}<\/style><\/div><div class=\"fusion-layout-column fusion_builder_column fusion-builder-column-1 fusion_builder_column_1_2 1_2 fusion-flex-column\"><div class=\"fusion-column-wrapper fusion-flex-justify-content-flex-start fusion-content-layout-column\" style=\"background-position:left top;background-repeat:no-repeat;-webkit-background-size:cover;-moz-background-size:cover;-o-background-size:cover;background-size:cover;padding: 0px 0px 0px 0px;\"><div class=\"fusion-image-carousel fusion-image-carousel-auto fusion-image-carousel-1 fusion-carousel-border\"><div class=\"fusion-carousel\" data-autoplay=\"no\" data-columns=\"1\" data-itemmargin=\"13\" data-itemwidth=\"180\" data-touchscroll=\"no\" data-imagesize=\"auto\"><div class=\"fusion-carousel-positioner\"><ul class=\"fusion-carousel-holder\"><li class=\"fusion-carousel-item\"><div class=\"fusion-carousel-item-wrapper\"><div class=\"fusion-image-wrapper hover-type-none\"><img width=\"900\" height=\"600\" src=\"https:\/\/www.aignep.com\/wp-content\/uploads\/2026\/03\/IL-TEAM-KTM-PRO-RACING.png\" class=\"attachment-full size-full lazyload\" alt=\"\" srcset=\"data:image\/svg+xml,%3Csvg%20xmlns%3D%27http%3A%2F%2Fwww.w3.org%2F2000%2Fsvg%27%20width%3D%27900%27%20height%3D%27600%27%20viewBox%3D%270%200%20900%20600%27%3E%3Crect%20width%3D%27900%27%20height%3D%27600%27%20fill-opacity%3D%220%22%2F%3E%3C%2Fsvg%3E\" data-orig-src=\"https:\/\/www.aignep.com\/wp-content\/uploads\/2026\/03\/IL-TEAM-KTM-PRO-RACING.png\" data-srcset=\"https:\/\/www.aignep.com\/wp-content\/uploads\/2026\/03\/IL-TEAM-KTM-PRO-RACING-200x133.png 200w, https:\/\/www.aignep.com\/wp-content\/uploads\/2026\/03\/IL-TEAM-KTM-PRO-RACING-300x200.png 300w, https:\/\/www.aignep.com\/wp-content\/uploads\/2026\/03\/IL-TEAM-KTM-PRO-RACING-400x267.png 400w, https:\/\/www.aignep.com\/wp-content\/uploads\/2026\/03\/IL-TEAM-KTM-PRO-RACING-600x400.png 600w, https:\/\/www.aignep.com\/wp-content\/uploads\/2026\/03\/IL-TEAM-KTM-PRO-RACING-768x512.png 768w, https:\/\/www.aignep.com\/wp-content\/uploads\/2026\/03\/IL-TEAM-KTM-PRO-RACING-800x533.png 800w, https:\/\/www.aignep.com\/wp-content\/uploads\/2026\/03\/IL-TEAM-KTM-PRO-RACING.png 900w\" data-sizes=\"auto\" \/><\/div><\/div><\/li><\/ul><div class=\"fusion-carousel-nav\"><button class=\"fusion-nav-prev awb-icon-left\" aria-label=\"Previous\"><\/button><button class=\"fusion-nav-next awb-icon-right\" aria-label=\"Next\"><\/button><\/div><\/div><\/div><\/div><\/div><style type=\"text\/css\">.fusion-body .fusion-builder-column-1{width:50% !important;margin-top : 0px;margin-bottom : 20px;}.fusion-builder-column-1 > .fusion-column-wrapper {padding-top : 0px !important;padding-right : 0px !important;margin-right : 3.84%;padding-bottom : 0px !important;padding-left : 0px !important;margin-left : 3.84%;}@media only screen and (max-width:1024px) {.fusion-body .fusion-builder-column-1{width:50% !important;order : 0;}.fusion-builder-column-1 > .fusion-column-wrapper {margin-right : 3.84%;margin-left : 3.84%;}}@media only screen and (max-width:768px) {.fusion-body .fusion-builder-column-1{width:100% !important;order : 0;}.fusion-builder-column-1 > .fusion-column-wrapper {margin-right : 1.92%;margin-left : 1.92%;}}<\/style><\/div><\/div><style type=\"text\/css\">.fusion-body .fusion-flex-container.fusion-builder-row-1{ padding-top : 0px;margin-top : 0px;padding-right : 0px;padding-bottom : 0px;margin-bottom : 0px;padding-left : 0px;}<\/style><\/div>\n","protected":false},"excerpt":{"rendered":"","protected":false},"author":6,"featured_media":29465,"menu_order":0,"comment_status":"closed","ping_status":"closed","template":"","format":"standard","meta":{"_expiration-date-status":"","_expiration-date":0,"_expiration-date-type":"","_expiration-date-categories":[],"_expiration-date-options":[]},"portfolio_category":[2587],"portfolio_skills":[],"portfolio_tags":[],"yoast_head":"<!-- This site is optimized with the Yoast SEO plugin v19.11 - https:\/\/yoast.com\/wordpress\/plugins\/seo\/ -->\n<title>KTM Pro Racing pr\u00eat pour la saison Enduro 2026 - Aignep S.p.A.<\/title>\n<meta name=\"robots\" content=\"index, follow, max-snippet:-1, max-image-preview:large, max-video-preview:-1\" \/>\n<link rel=\"canonical\" href=\"https:\/\/www.aignep.com\/fr\/news\/ktm-pro-racing-pret-pour-la-saison-enduro-2026\/\" \/>\n<meta property=\"og:locale\" content=\"fr_FR\" \/>\n<meta property=\"og:type\" content=\"article\" \/>\n<meta property=\"og:title\" content=\"KTM Pro Racing pr\u00eat pour la saison Enduro 2026 - Aignep S.p.A.\" \/>\n<meta property=\"og:url\" content=\"https:\/\/www.aignep.com\/fr\/news\/ktm-pro-racing-pret-pour-la-saison-enduro-2026\/\" \/>\n<meta property=\"og:site_name\" content=\"Aignep S.p.A.\" \/>\n<meta property=\"article:modified_time\" content=\"2026-03-02T13:53:20+00:00\" \/>\n<meta property=\"og:image\" content=\"https:\/\/www.aignep.com\/wp-content\/uploads\/2026\/03\/IL-TEAM-KTM-PRO-RACING.png\" \/>\n\t<meta property=\"og:image:width\" content=\"900\" \/>\n\t<meta property=\"og:image:height\" content=\"600\" \/>\n\t<meta property=\"og:image:type\" content=\"image\/png\" \/>\n<meta name=\"twitter:card\" content=\"summary_large_image\" \/>\n<meta name=\"twitter:label1\" content=\"Dur\u00e9e de lecture estim\u00e9e\" \/>\n\t<meta name=\"twitter:data1\" content=\"4 minutes\" \/>\n<script type=\"application\/ld+json\" class=\"yoast-schema-graph\">{\"@context\":\"https:\/\/schema.org\",\"@graph\":[{\"@type\":\"WebPage\",\"@id\":\"https:\/\/www.aignep.com\/fr\/news\/ktm-pro-racing-pret-pour-la-saison-enduro-2026\/\",\"url\":\"https:\/\/www.aignep.com\/fr\/news\/ktm-pro-racing-pret-pour-la-saison-enduro-2026\/\",\"name\":\"KTM Pro Racing pr\u00eat pour la saison Enduro 2026 - Aignep S.p.A.\",\"isPartOf\":{\"@id\":\"https:\/\/www.aignep.com\/fr\/#website\"},\"datePublished\":\"2026-03-02T13:52:19+00:00\",\"dateModified\":\"2026-03-02T13:53:20+00:00\",\"breadcrumb\":{\"@id\":\"https:\/\/www.aignep.com\/fr\/news\/ktm-pro-racing-pret-pour-la-saison-enduro-2026\/#breadcrumb\"},\"inLanguage\":\"fr-FR\",\"potentialAction\":[{\"@type\":\"ReadAction\",\"target\":[\"https:\/\/www.aignep.com\/fr\/news\/ktm-pro-racing-pret-pour-la-saison-enduro-2026\/\"]}]},{\"@type\":\"BreadcrumbList\",\"@id\":\"https:\/\/www.aignep.com\/fr\/news\/ktm-pro-racing-pret-pour-la-saison-enduro-2026\/#breadcrumb\",\"itemListElement\":[{\"@type\":\"ListItem\",\"position\":1,\"name\":\"Home\",\"item\":\"https:\/\/www.aignep.com\/fr\/\"},{\"@type\":\"ListItem\",\"position\":2,\"name\":\"Portfolio\",\"item\":\"https:\/\/www.aignep.com\/fr\/news\/\"},{\"@type\":\"ListItem\",\"position\":3,\"name\":\"KTM Pro Racing pr\u00eat pour la saison Enduro 2026\"}]},{\"@type\":\"WebSite\",\"@id\":\"https:\/\/www.aignep.com\/fr\/#website\",\"url\":\"https:\/\/www.aignep.com\/fr\/\",\"name\":\"Aignep S.p.A.\",\"description\":\"Production de composants pour fluides et air comprim\u00e9\",\"potentialAction\":[{\"@type\":\"SearchAction\",\"target\":{\"@type\":\"EntryPoint\",\"urlTemplate\":\"https:\/\/www.aignep.com\/fr\/?s={search_term_string}\"},\"query-input\":\"required name=search_term_string\"}],\"inLanguage\":\"fr-FR\"}]}<\/script>\n<!-- \/ Yoast SEO plugin. -->","yoast_head_json":{"title":"KTM Pro Racing pr\u00eat pour la saison Enduro 2026 - Aignep S.p.A.","robots":{"index":"index","follow":"follow","max-snippet":"max-snippet:-1","max-image-preview":"max-image-preview:large","max-video-preview":"max-video-preview:-1"},"canonical":"https:\/\/www.aignep.com\/fr\/news\/ktm-pro-racing-pret-pour-la-saison-enduro-2026\/","og_locale":"fr_FR","og_type":"article","og_title":"KTM Pro Racing pr\u00eat pour la saison Enduro 2026 - Aignep S.p.A.","og_url":"https:\/\/www.aignep.com\/fr\/news\/ktm-pro-racing-pret-pour-la-saison-enduro-2026\/","og_site_name":"Aignep S.p.A.","article_modified_time":"2026-03-02T13:53:20+00:00","og_image":[{"width":900,"height":600,"url":"https:\/\/www.aignep.com\/wp-content\/uploads\/2026\/03\/IL-TEAM-KTM-PRO-RACING.png","type":"image\/png"}],"twitter_card":"summary_large_image","twitter_misc":{"Dur\u00e9e de lecture estim\u00e9e":"4 minutes"},"schema":{"@context":"https:\/\/schema.org","@graph":[{"@type":"WebPage","@id":"https:\/\/www.aignep.com\/fr\/news\/ktm-pro-racing-pret-pour-la-saison-enduro-2026\/","url":"https:\/\/www.aignep.com\/fr\/news\/ktm-pro-racing-pret-pour-la-saison-enduro-2026\/","name":"KTM Pro Racing pr\u00eat pour la saison Enduro 2026 - Aignep S.p.A.","isPartOf":{"@id":"https:\/\/www.aignep.com\/fr\/#website"},"datePublished":"2026-03-02T13:52:19+00:00","dateModified":"2026-03-02T13:53:20+00:00","breadcrumb":{"@id":"https:\/\/www.aignep.com\/fr\/news\/ktm-pro-racing-pret-pour-la-saison-enduro-2026\/#breadcrumb"},"inLanguage":"fr-FR","potentialAction":[{"@type":"ReadAction","target":["https:\/\/www.aignep.com\/fr\/news\/ktm-pro-racing-pret-pour-la-saison-enduro-2026\/"]}]},{"@type":"BreadcrumbList","@id":"https:\/\/www.aignep.com\/fr\/news\/ktm-pro-racing-pret-pour-la-saison-enduro-2026\/#breadcrumb","itemListElement":[{"@type":"ListItem","position":1,"name":"Home","item":"https:\/\/www.aignep.com\/fr\/"},{"@type":"ListItem","position":2,"name":"Portfolio","item":"https:\/\/www.aignep.com\/fr\/news\/"},{"@type":"ListItem","position":3,"name":"KTM Pro Racing pr\u00eat pour la saison Enduro 2026"}]},{"@type":"WebSite","@id":"https:\/\/www.aignep.com\/fr\/#website","url":"https:\/\/www.aignep.com\/fr\/","name":"Aignep S.p.A.","description":"Production de composants pour fluides et air comprim\u00e9","potentialAction":[{"@type":"SearchAction","target":{"@type":"EntryPoint","urlTemplate":"https:\/\/www.aignep.com\/fr\/?s={search_term_string}"},"query-input":"required name=search_term_string"}],"inLanguage":"fr-FR"}]}},"_links":{"self":[{"href":"https:\/\/www.aignep.com\/fr\/wp-json\/wp\/v2\/avada_portfolio\/29474"}],"collection":[{"href":"https:\/\/www.aignep.com\/fr\/wp-json\/wp\/v2\/avada_portfolio"}],"about":[{"href":"https:\/\/www.aignep.com\/fr\/wp-json\/wp\/v2\/types\/avada_portfolio"}],"author":[{"embeddable":true,"href":"https:\/\/www.aignep.com\/fr\/wp-json\/wp\/v2\/users\/6"}],"replies":[{"embeddable":true,"href":"https:\/\/www.aignep.com\/fr\/wp-json\/wp\/v2\/comments?post=29474"}],"version-history":[{"count":2,"href":"https:\/\/www.aignep.com\/fr\/wp-json\/wp\/v2\/avada_portfolio\/29474\/revisions"}],"predecessor-version":[{"id":29492,"href":"https:\/\/www.aignep.com\/fr\/wp-json\/wp\/v2\/avada_portfolio\/29474\/revisions\/29492"}],"wp:featuredmedia":[{"embeddable":true,"href":"https:\/\/www.aignep.com\/fr\/wp-json\/wp\/v2\/media\/29465"}],"wp:attachment":[{"href":"https:\/\/www.aignep.com\/fr\/wp-json\/wp\/v2\/media?parent=29474"}],"wp:term":[{"taxonomy":"portfolio_category","embeddable":true,"href":"https:\/\/www.aignep.com\/fr\/wp-json\/wp\/v2\/portfolio_category?post=29474"},{"taxonomy":"portfolio_skills","embeddable":true,"href":"https:\/\/www.aignep.com\/fr\/wp-json\/wp\/v2\/portfolio_skills?post=29474"},{"taxonomy":"portfolio_tags","embeddable":true,"href":"https:\/\/www.aignep.com\/fr\/wp-json\/wp\/v2\/portfolio_tags?post=29474"}],"curies":[{"name":"wp","href":"https:\/\/api.w.org\/{rel}","templated":true}]}}