{"id":29694,"date":"2026-03-10T11:12:43","date_gmt":"2026-03-10T10:12:43","guid":{"rendered":"https:\/\/www.aignep.com\/?post_type=avada_portfolio&#038;p=29694"},"modified":"2026-03-10T11:19:55","modified_gmt":"2026-03-10T10:19:55","slug":"double-podium-pour-ktm-pro-racing-a-louverture-des-assoluti-ditalia","status":"publish","type":"avada_portfolio","link":"https:\/\/www.aignep.com\/fr\/news\/double-podium-pour-ktm-pro-racing-a-louverture-des-assoluti-ditalia\/","title":{"rendered":"Double podium pour KTM Pro Racing \u00e0 l\u2019ouverture des Assoluti d\u2019Italia"},"content":{"rendered":"<div class=\"fusion-fullwidth fullwidth-box fusion-builder-row-1 fusion-flex-container has-pattern-background has-mask-background news_seo nonhundred-percent-fullwidth non-hundred-percent-height-scrolling\" style=\"background-color: var(--awb-color1);background-position: center center;background-repeat: no-repeat;border-width: 0px 0px 0px 0px;border-color:var(--awb-color3);border-style:solid;\" ><div class=\"fusion-builder-row fusion-row fusion-flex-align-items-center\" style=\"max-width:1393.6px;margin-left: calc(-4% \/ 2 );margin-right: calc(-4% \/ 2 );\"><div class=\"fusion-layout-column fusion_builder_column fusion-builder-column-0 fusion_builder_column_1_2 1_2 fusion-flex-column\"><div class=\"fusion-column-wrapper fusion-flex-justify-content-flex-start fusion-content-layout-column\" style=\"background-position:left top;background-repeat:no-repeat;-webkit-background-size:cover;-moz-background-size:cover;-o-background-size:cover;background-size:cover;padding: 0px 0px 0px 0px;\"><div class=\"fusion-text fusion-text-1\" style=\"text-transform:none;\"><h2 data-start=\"1663\" data-end=\"1827\">Cagnoni protagoniste \u00e0 Camaiore, bons d\u00e9buts pour le champion du monde Youth Romain Dagna et retour positif pour Gabin Allemand.<\/h2>\n<p data-start=\"234\" data-end=\"439\">Excellent d\u00e9but de saison pour le <strong data-start=\"280\" data-end=\"303\">Team KTM Pro Racing<\/strong> d\u2019Alex Belometti lors de la premi\u00e8re manche des <strong data-start=\"352\" data-end=\"394\">Championnats Absolus d\u2019Italie d\u2019Enduro<\/strong>, disput\u00e9e les 7 et 8 mars \u00e0 Camaiore (LU).<\/p>\n<p data-start=\"441\" data-end=\"686\">Le grand protagoniste du week-end a \u00e9t\u00e9 le jeune <strong data-start=\"490\" data-end=\"508\">Simone Cagnoni<\/strong>, qui faisait ses d\u00e9buts avec l\u2019\u00e9quipe et sur la <strong data-start=\"557\" data-end=\"576\">KTM 125 XC-W 2T<\/strong>, et qui a d\u00e9croch\u00e9 deux podiums dans la <strong data-start=\"617\" data-end=\"637\">cat\u00e9gorie 125 2T<\/strong> : deuxi\u00e8me place samedi et troisi\u00e8me dimanche.<\/p>\n<p data-start=\"688\" data-end=\"1100\">De bonnes indications \u00e9galement de la part de <strong data-start=\"734\" data-end=\"750\">Romain Dagna<\/strong>, <strong data-start=\"752\" data-end=\"779\">champion du monde Youth<\/strong>, pour sa premi\u00e8re course sur la <strong data-start=\"812\" data-end=\"830\">KTM 300 EXC 2T<\/strong> : sixi\u00e8me parmi les pilotes \u00e9trangers samedi et treizi\u00e8me au classement g\u00e9n\u00e9ral dimanche, avec des temps comp\u00e9titifs et une victoire dans une sp\u00e9ciale. Retour positif aussi pour <strong data-start=\"1009\" data-end=\"1027\">Gabin Allemand<\/strong>, de retour \u00e0 la comp\u00e9tition apr\u00e8s une blessure et tout pr\u00e8s du top 10.<\/p>\n<p data-start=\"1102\" data-end=\"1275\" data-is-last-node=\"\" data-is-only-node=\"\">Le prochain rendez-vous pour le <strong data-start=\"1134\" data-end=\"1157\">Team KTM Pro Racing<\/strong> sera la deuxi\u00e8me manche des <strong data-start=\"1186\" data-end=\"1228\">Championnats Absolus d\u2019Italie d\u2019Enduro<\/strong>, pr\u00e9vue les 28 et 29 mars \u00e0 Pomarance (PI). \ud83c\udfc1<\/p>\n<\/div><div ><style>.fusion-body .fusion-button.button-1{border-radius:0 0 0 0;}<\/style><a class=\"fusion-button button-flat fusion-button-default-size button-default button-1 fusion-button-default-span fusion-button-default-type\" target=\"_blank\" rel=\"noopener noreferrer\" href=\"https:\/\/4iyyt.r.a.d.sendibm1.com\/mk\/mr\/sh\/6rqJ8GoudeITQpqEnSURcX5Klj0\/VXT0Eqp1TyBR\" style=\"margin-bottom:20px;\"><span class=\"fusion-button-text\">Lire l&rsquo;article<\/span><\/a><\/div><div ><style>.fusion-body .fusion-button.button-2{border-radius:0 0 0 0;}<\/style><a class=\"fusion-button button-flat fusion-button-default-size button-default button-2 fusion-button-default-span fusion-button-default-type\" target=\"_self\" href=\"https:\/\/mclumezzane.com\/\"><span class=\"fusion-button-text\">mclumezzane.com<\/span><\/a><\/div><\/div><style type=\"text\/css\">.fusion-body .fusion-builder-column-0{width:50% !important;margin-top : 0px;margin-bottom : 20px;}.fusion-builder-column-0 > .fusion-column-wrapper {padding-top : 0px !important;padding-right : 0px !important;margin-right : 3.84%;padding-bottom : 0px !important;padding-left : 0px !important;margin-left : 3.84%;}@media only screen and (max-width:1024px) {.fusion-body .fusion-builder-column-0{width:50% !important;order : 0;}.fusion-builder-column-0 > .fusion-column-wrapper {margin-right : 3.84%;margin-left : 3.84%;}}@media only screen and (max-width:768px) {.fusion-body .fusion-builder-column-0{width:100% !important;order : 0;}.fusion-builder-column-0 > .fusion-column-wrapper {margin-right : 1.92%;margin-left : 1.92%;}}<\/style><\/div><div class=\"fusion-layout-column fusion_builder_column fusion-builder-column-1 fusion_builder_column_1_2 1_2 fusion-flex-column\"><div class=\"fusion-column-wrapper fusion-flex-justify-content-flex-start fusion-content-layout-column\" style=\"background-position:left top;background-repeat:no-repeat;-webkit-background-size:cover;-moz-background-size:cover;-o-background-size:cover;background-size:cover;padding: 0px 0px 0px 0px;\"><div class=\"fusion-image-carousel fusion-image-carousel-auto fusion-image-carousel-1 fusion-carousel-border\"><div class=\"fusion-carousel\" data-autoplay=\"no\" data-columns=\"1\" data-itemmargin=\"13\" data-itemwidth=\"180\" data-touchscroll=\"no\" data-imagesize=\"auto\"><div class=\"fusion-carousel-positioner\"><ul class=\"fusion-carousel-holder\"><li class=\"fusion-carousel-item\"><div class=\"fusion-carousel-item-wrapper\"><div class=\"fusion-image-wrapper hover-type-none\"><img width=\"1200\" height=\"800\" src=\"https:\/\/www.aignep.com\/wp-content\/uploads\/2026\/03\/KTM-Pro-Racing-Round-01-02.jpg\" class=\"attachment-full size-full lazyload\" alt=\"\" srcset=\"data:image\/svg+xml,%3Csvg%20xmlns%3D%27http%3A%2F%2Fwww.w3.org%2F2000%2Fsvg%27%20width%3D%271200%27%20height%3D%27800%27%20viewBox%3D%270%200%201200%20800%27%3E%3Crect%20width%3D%271200%27%20height%3D%27800%27%20fill-opacity%3D%220%22%2F%3E%3C%2Fsvg%3E\" data-orig-src=\"https:\/\/www.aignep.com\/wp-content\/uploads\/2026\/03\/KTM-Pro-Racing-Round-01-02.jpg\" data-srcset=\"https:\/\/www.aignep.com\/wp-content\/uploads\/2026\/03\/KTM-Pro-Racing-Round-01-02-200x133.jpg 200w, https:\/\/www.aignep.com\/wp-content\/uploads\/2026\/03\/KTM-Pro-Racing-Round-01-02-300x200.jpg 300w, https:\/\/www.aignep.com\/wp-content\/uploads\/2026\/03\/KTM-Pro-Racing-Round-01-02-400x267.jpg 400w, https:\/\/www.aignep.com\/wp-content\/uploads\/2026\/03\/KTM-Pro-Racing-Round-01-02-600x400.jpg 600w, https:\/\/www.aignep.com\/wp-content\/uploads\/2026\/03\/KTM-Pro-Racing-Round-01-02-768x512.jpg 768w, https:\/\/www.aignep.com\/wp-content\/uploads\/2026\/03\/KTM-Pro-Racing-Round-01-02-800x533.jpg 800w, https:\/\/www.aignep.com\/wp-content\/uploads\/2026\/03\/KTM-Pro-Racing-Round-01-02-1024x683.jpg 1024w, https:\/\/www.aignep.com\/wp-content\/uploads\/2026\/03\/KTM-Pro-Racing-Round-01-02.jpg 1200w\" data-sizes=\"auto\" \/><\/div><\/div><\/li><\/ul><div class=\"fusion-carousel-nav\"><button class=\"fusion-nav-prev awb-icon-left\" aria-label=\"Previous\"><\/button><button class=\"fusion-nav-next awb-icon-right\" aria-label=\"Next\"><\/button><\/div><\/div><\/div><\/div><\/div><style type=\"text\/css\">.fusion-body .fusion-builder-column-1{width:50% !important;margin-top : 0px;margin-bottom : 20px;}.fusion-builder-column-1 > .fusion-column-wrapper {padding-top : 0px !important;padding-right : 0px !important;margin-right : 3.84%;padding-bottom : 0px !important;padding-left : 0px !important;margin-left : 3.84%;}@media only screen and (max-width:1024px) {.fusion-body .fusion-builder-column-1{width:50% !important;order : 0;}.fusion-builder-column-1 > .fusion-column-wrapper {margin-right : 3.84%;margin-left : 3.84%;}}@media only screen and (max-width:768px) {.fusion-body .fusion-builder-column-1{width:100% !important;order : 0;}.fusion-builder-column-1 > .fusion-column-wrapper {margin-right : 1.92%;margin-left : 1.92%;}}<\/style><\/div><\/div><style type=\"text\/css\">.fusion-body .fusion-flex-container.fusion-builder-row-1{ padding-top : 0px;margin-top : 0px;padding-right : 0px;padding-bottom : 0px;margin-bottom : 0px;padding-left : 0px;}<\/style><\/div>\n","protected":false},"excerpt":{"rendered":"","protected":false},"author":6,"featured_media":29685,"menu_order":0,"comment_status":"closed","ping_status":"closed","template":"","format":"standard","meta":{"_expiration-date-status":"","_expiration-date":0,"_expiration-date-type":"","_expiration-date-categories":[],"_expiration-date-options":[]},"portfolio_category":[2587],"portfolio_skills":[],"portfolio_tags":[],"yoast_head":"<!-- This site is optimized with the Yoast SEO plugin v19.11 - https:\/\/yoast.com\/wordpress\/plugins\/seo\/ -->\n<title>Double podium pour KTM Pro Racing \u00e0 l\u2019ouverture des Assoluti d\u2019Italia - Aignep S.p.A.<\/title>\n<meta name=\"robots\" content=\"index, follow, max-snippet:-1, max-image-preview:large, max-video-preview:-1\" \/>\n<link rel=\"canonical\" href=\"https:\/\/www.aignep.com\/fr\/news\/double-podium-pour-ktm-pro-racing-a-louverture-des-assoluti-ditalia\/\" \/>\n<meta property=\"og:locale\" content=\"fr_FR\" \/>\n<meta property=\"og:type\" content=\"article\" \/>\n<meta property=\"og:title\" content=\"Double podium pour KTM Pro Racing \u00e0 l\u2019ouverture des Assoluti d\u2019Italia - Aignep S.p.A.\" \/>\n<meta property=\"og:url\" content=\"https:\/\/www.aignep.com\/fr\/news\/double-podium-pour-ktm-pro-racing-a-louverture-des-assoluti-ditalia\/\" \/>\n<meta property=\"og:site_name\" content=\"Aignep S.p.A.\" \/>\n<meta property=\"article:modified_time\" content=\"2026-03-10T10:19:55+00:00\" \/>\n<meta property=\"og:image\" content=\"https:\/\/www.aignep.com\/wp-content\/uploads\/2026\/03\/KTM-Pro-Racing-Round-01-02.jpg\" \/>\n\t<meta property=\"og:image:width\" content=\"1200\" \/>\n\t<meta property=\"og:image:height\" content=\"800\" \/>\n\t<meta property=\"og:image:type\" content=\"image\/jpeg\" \/>\n<meta name=\"twitter:card\" content=\"summary_large_image\" \/>\n<meta name=\"twitter:label1\" content=\"Dur\u00e9e de lecture estim\u00e9e\" \/>\n\t<meta name=\"twitter:data1\" content=\"4 minutes\" \/>\n<script type=\"application\/ld+json\" class=\"yoast-schema-graph\">{\"@context\":\"https:\/\/schema.org\",\"@graph\":[{\"@type\":\"WebPage\",\"@id\":\"https:\/\/www.aignep.com\/fr\/news\/double-podium-pour-ktm-pro-racing-a-louverture-des-assoluti-ditalia\/\",\"url\":\"https:\/\/www.aignep.com\/fr\/news\/double-podium-pour-ktm-pro-racing-a-louverture-des-assoluti-ditalia\/\",\"name\":\"Double podium pour KTM Pro Racing \u00e0 l\u2019ouverture des Assoluti d\u2019Italia - Aignep S.p.A.\",\"isPartOf\":{\"@id\":\"https:\/\/www.aignep.com\/fr\/#website\"},\"datePublished\":\"2026-03-10T10:12:43+00:00\",\"dateModified\":\"2026-03-10T10:19:55+00:00\",\"breadcrumb\":{\"@id\":\"https:\/\/www.aignep.com\/fr\/news\/double-podium-pour-ktm-pro-racing-a-louverture-des-assoluti-ditalia\/#breadcrumb\"},\"inLanguage\":\"fr-FR\",\"potentialAction\":[{\"@type\":\"ReadAction\",\"target\":[\"https:\/\/www.aignep.com\/fr\/news\/double-podium-pour-ktm-pro-racing-a-louverture-des-assoluti-ditalia\/\"]}]},{\"@type\":\"BreadcrumbList\",\"@id\":\"https:\/\/www.aignep.com\/fr\/news\/double-podium-pour-ktm-pro-racing-a-louverture-des-assoluti-ditalia\/#breadcrumb\",\"itemListElement\":[{\"@type\":\"ListItem\",\"position\":1,\"name\":\"Home\",\"item\":\"https:\/\/www.aignep.com\/fr\/\"},{\"@type\":\"ListItem\",\"position\":2,\"name\":\"Portfolio\",\"item\":\"https:\/\/www.aignep.com\/fr\/news\/\"},{\"@type\":\"ListItem\",\"position\":3,\"name\":\"Double podium pour KTM Pro Racing \u00e0 l\u2019ouverture des Assoluti d\u2019Italia\"}]},{\"@type\":\"WebSite\",\"@id\":\"https:\/\/www.aignep.com\/fr\/#website\",\"url\":\"https:\/\/www.aignep.com\/fr\/\",\"name\":\"Aignep S.p.A.\",\"description\":\"Production de composants pour fluides et air comprim\u00e9\",\"potentialAction\":[{\"@type\":\"SearchAction\",\"target\":{\"@type\":\"EntryPoint\",\"urlTemplate\":\"https:\/\/www.aignep.com\/fr\/?s={search_term_string}\"},\"query-input\":\"required name=search_term_string\"}],\"inLanguage\":\"fr-FR\"}]}<\/script>\n<!-- \/ Yoast SEO plugin. -->","yoast_head_json":{"title":"Double podium pour KTM Pro Racing \u00e0 l\u2019ouverture des Assoluti d\u2019Italia - Aignep S.p.A.","robots":{"index":"index","follow":"follow","max-snippet":"max-snippet:-1","max-image-preview":"max-image-preview:large","max-video-preview":"max-video-preview:-1"},"canonical":"https:\/\/www.aignep.com\/fr\/news\/double-podium-pour-ktm-pro-racing-a-louverture-des-assoluti-ditalia\/","og_locale":"fr_FR","og_type":"article","og_title":"Double podium pour KTM Pro Racing \u00e0 l\u2019ouverture des Assoluti d\u2019Italia - Aignep S.p.A.","og_url":"https:\/\/www.aignep.com\/fr\/news\/double-podium-pour-ktm-pro-racing-a-louverture-des-assoluti-ditalia\/","og_site_name":"Aignep S.p.A.","article_modified_time":"2026-03-10T10:19:55+00:00","og_image":[{"width":1200,"height":800,"url":"https:\/\/www.aignep.com\/wp-content\/uploads\/2026\/03\/KTM-Pro-Racing-Round-01-02.jpg","type":"image\/jpeg"}],"twitter_card":"summary_large_image","twitter_misc":{"Dur\u00e9e de lecture estim\u00e9e":"4 minutes"},"schema":{"@context":"https:\/\/schema.org","@graph":[{"@type":"WebPage","@id":"https:\/\/www.aignep.com\/fr\/news\/double-podium-pour-ktm-pro-racing-a-louverture-des-assoluti-ditalia\/","url":"https:\/\/www.aignep.com\/fr\/news\/double-podium-pour-ktm-pro-racing-a-louverture-des-assoluti-ditalia\/","name":"Double podium pour KTM Pro Racing \u00e0 l\u2019ouverture des Assoluti d\u2019Italia - Aignep S.p.A.","isPartOf":{"@id":"https:\/\/www.aignep.com\/fr\/#website"},"datePublished":"2026-03-10T10:12:43+00:00","dateModified":"2026-03-10T10:19:55+00:00","breadcrumb":{"@id":"https:\/\/www.aignep.com\/fr\/news\/double-podium-pour-ktm-pro-racing-a-louverture-des-assoluti-ditalia\/#breadcrumb"},"inLanguage":"fr-FR","potentialAction":[{"@type":"ReadAction","target":["https:\/\/www.aignep.com\/fr\/news\/double-podium-pour-ktm-pro-racing-a-louverture-des-assoluti-ditalia\/"]}]},{"@type":"BreadcrumbList","@id":"https:\/\/www.aignep.com\/fr\/news\/double-podium-pour-ktm-pro-racing-a-louverture-des-assoluti-ditalia\/#breadcrumb","itemListElement":[{"@type":"ListItem","position":1,"name":"Home","item":"https:\/\/www.aignep.com\/fr\/"},{"@type":"ListItem","position":2,"name":"Portfolio","item":"https:\/\/www.aignep.com\/fr\/news\/"},{"@type":"ListItem","position":3,"name":"Double podium pour KTM Pro Racing \u00e0 l\u2019ouverture des Assoluti d\u2019Italia"}]},{"@type":"WebSite","@id":"https:\/\/www.aignep.com\/fr\/#website","url":"https:\/\/www.aignep.com\/fr\/","name":"Aignep S.p.A.","description":"Production de composants pour fluides et air comprim\u00e9","potentialAction":[{"@type":"SearchAction","target":{"@type":"EntryPoint","urlTemplate":"https:\/\/www.aignep.com\/fr\/?s={search_term_string}"},"query-input":"required name=search_term_string"}],"inLanguage":"fr-FR"}]}},"_links":{"self":[{"href":"https:\/\/www.aignep.com\/fr\/wp-json\/wp\/v2\/avada_portfolio\/29694"}],"collection":[{"href":"https:\/\/www.aignep.com\/fr\/wp-json\/wp\/v2\/avada_portfolio"}],"about":[{"href":"https:\/\/www.aignep.com\/fr\/wp-json\/wp\/v2\/types\/avada_portfolio"}],"author":[{"embeddable":true,"href":"https:\/\/www.aignep.com\/fr\/wp-json\/wp\/v2\/users\/6"}],"replies":[{"embeddable":true,"href":"https:\/\/www.aignep.com\/fr\/wp-json\/wp\/v2\/comments?post=29694"}],"version-history":[{"count":2,"href":"https:\/\/www.aignep.com\/fr\/wp-json\/wp\/v2\/avada_portfolio\/29694\/revisions"}],"predecessor-version":[{"id":29708,"href":"https:\/\/www.aignep.com\/fr\/wp-json\/wp\/v2\/avada_portfolio\/29694\/revisions\/29708"}],"wp:featuredmedia":[{"embeddable":true,"href":"https:\/\/www.aignep.com\/fr\/wp-json\/wp\/v2\/media\/29685"}],"wp:attachment":[{"href":"https:\/\/www.aignep.com\/fr\/wp-json\/wp\/v2\/media?parent=29694"}],"wp:term":[{"taxonomy":"portfolio_category","embeddable":true,"href":"https:\/\/www.aignep.com\/fr\/wp-json\/wp\/v2\/portfolio_category?post=29694"},{"taxonomy":"portfolio_skills","embeddable":true,"href":"https:\/\/www.aignep.com\/fr\/wp-json\/wp\/v2\/portfolio_skills?post=29694"},{"taxonomy":"portfolio_tags","embeddable":true,"href":"https:\/\/www.aignep.com\/fr\/wp-json\/wp\/v2\/portfolio_tags?post=29694"}],"curies":[{"name":"wp","href":"https:\/\/api.w.org\/{rel}","templated":true}]}}