{"id":33606,"date":"2026-08-31T07:42:13","date_gmt":"2026-08-31T05:42:13","guid":{"rendered":"https:\/\/www.aignep.com\/?post_type=avada_portfolio&#038;p=33606"},"modified":"2026-08-31T07:54:53","modified_gmt":"2026-08-31T05:54:53","slug":"romain-dagna-sacre-champion-du-monde-junior-2-2026","status":"publish","type":"avada_portfolio","link":"https:\/\/www.aignep.com\/fr\/news\/romain-dagna-sacre-champion-du-monde-junior-2-2026\/","title":{"rendered":"Romain Dagna sacr\u00e9 Champion du Monde Junior 2 2026"},"content":{"rendered":"<div class=\"fusion-fullwidth fullwidth-box fusion-builder-row-1 fusion-flex-container has-pattern-background has-mask-background nonhundred-percent-fullwidth non-hundred-percent-height-scrolling news_seo\" style=\"--awb-border-radius-top-left:0px;--awb-border-radius-top-right:0px;--awb-border-radius-bottom-right:0px;--awb-border-radius-bottom-left:0px;--awb-flex-wrap:wrap;\" ><div class=\"fusion-builder-row fusion-row fusion-flex-align-items-center fusion-flex-content-wrap\" style=\"max-width:1393.6px;margin-left: calc(-4% \/ 2 );margin-right: calc(-4% \/ 2 );\"><div class=\"fusion-layout-column fusion_builder_column fusion-builder-column-0 fusion_builder_column_1_2 1_2 fusion-flex-column\" style=\"--awb-bg-size:cover;--awb-width-large:50%;--awb-margin-top-large:0px;--awb-spacing-right-large:3.84%;--awb-margin-bottom-large:20px;--awb-spacing-left-large:3.84%;--awb-width-medium:50%;--awb-order-medium:0;--awb-spacing-right-medium:3.84%;--awb-spacing-left-medium:3.84%;--awb-width-small:100%;--awb-order-small:0;--awb-spacing-right-small:1.92%;--awb-spacing-left-small:1.92%;\"><div class=\"fusion-column-wrapper fusion-column-has-shadow fusion-flex-justify-content-flex-start fusion-content-layout-column\"><div class=\"fusion-text fusion-text-1\" style=\"--awb-text-transform:none;\"><h2 class=\"text-text-100 mt-2 -mb-1 text-base font-bold\" dir=\"auto\" data-sourcepos=\"3:1-3:96;66-161\">Le Team KTM Pro Racing termine la saison mondiale au Pays de Galles avec une premi\u00e8re place et deux deuxi\u00e8mes places<\/h2>\n<p dir=\"ltr\">Le <strong>Team KTM Pro Racing<\/strong> d&rsquo;Alex Belometti conclut le <strong>FIM EnduroGP World Championship 2026<\/strong> au Pays de Galles, derni\u00e8re manche de la saison disput\u00e9e \u00e0 Rhayader, en c\u00e9l\u00e9brant le titre <strong>Junior 2<\/strong> d\u00e9croch\u00e9 par <strong>Romain Dagna<\/strong>.<\/p>\n<p dir=\"ltr\"><strong>Dagna<\/strong>, leader de la cat\u00e9gorie pendant la quasi-totalit\u00e9 de la saison, a termin\u00e9 samedi 2e en Junior 2 et 4e au g\u00e9n\u00e9ral Junior, <strong>assurant math\u00e9matiquement le titre<\/strong> avec une manche d&rsquo;avance. Dimanche, il a g\u00e9r\u00e9 son avance en terminant 6e et 10e, achevant l&rsquo;ann\u00e9e <strong>3e du classement g\u00e9n\u00e9ral Junior<\/strong>.<\/p>\n<p dir=\"ltr\"><strong>Simone Cagnoni<\/strong> a lui aussi connu une belle saison : apr\u00e8s avoir d\u00e9croch\u00e9 sa <strong>premi\u00e8re victoire mondiale<\/strong> en France, il termine le championnat <strong>3e de la cat\u00e9gorie Youth<\/strong>, \u00e0 \u00e9galit\u00e9 de points avec le 2e. Au Pays de Galles, il signe une 7e et une 5e place, avec le meilleur temps dans la deuxi\u00e8me Extreme Test du dimanche.<\/p>\n<p dir=\"ltr\"><strong>Gabin Allemand<\/strong>, au sortir d&rsquo;une saison marqu\u00e9e par les blessures mais avec un podium en France, termine le Pays de Galles avec une 6e et une 8e place, retrouvant progressivement rythme et confiance.<\/p>\n<p dir=\"ltr\">Parmi les autres pilotes soutenus par le team : <strong>Alfons Lindstr\u00f6m<\/strong> (Junior 2) 11e\/8e, <strong>Mille S\u00f6derblom<\/strong> (Youth) 12e\/11e, <strong>Kacper Baklarz<\/strong> (Open 2T) 6e\/5e, <strong>Robin Wiss<\/strong> (Open 4T) 8e\/8e.<\/p>\n<p dir=\"ltr\"><strong>Alex Belometti, Team Manager :<\/strong> <em>\u00ab Nous terminons ce Mondial avec une immense satisfaction : Romain est Champion Junior 2, une r\u00e9compense pour le gros travail accompli tout au long de la saison. Pour Simone et Gabin, ce fut une ann\u00e9e de progression importante malgr\u00e9 les difficult\u00e9s. Merci \u00e0 tous les pilotes, \u00e0 notre staff, \u00e0 KTM Farioli et \u00e0 tous nos sponsors : la meilleure fa\u00e7on de conclure ce championnat. \u00bb<\/em><\/p>\n<\/div><div ><a class=\"fusion-button button-flat fusion-button-default-size button-default fusion-button-default button-1 fusion-button-default-span fusion-button-default-type\" style=\"--awb-margin-bottom:20px;\" target=\"_blank\" rel=\"noopener noreferrer\" href=\"https:\/\/4iyyt.r.a.d.sendibm1.com\/mk\/mr\/sh\/6rqJ8GoudeITQpqEnSURcX5Klj0\/ydqzwqRFqwQz\"><span class=\"fusion-button-text awb-button__text awb-button__text--default\">Lire l&rsquo;article<\/span><\/a><\/div><div ><a class=\"fusion-button button-flat fusion-button-default-size button-default fusion-button-default button-2 fusion-button-default-span fusion-button-default-type\" target=\"_self\" href=\"https:\/\/mclumezzane.com\/\"><span class=\"fusion-button-text awb-button__text awb-button__text--default\">MCLUMEZZANE<\/span><\/a><\/div><\/div><\/div><div class=\"fusion-layout-column fusion_builder_column fusion-builder-column-1 fusion_builder_column_1_2 1_2 fusion-flex-column\" style=\"--awb-bg-size:cover;--awb-width-large:50%;--awb-margin-top-large:0px;--awb-spacing-right-large:3.84%;--awb-margin-bottom-large:20px;--awb-spacing-left-large:3.84%;--awb-width-medium:50%;--awb-order-medium:0;--awb-spacing-right-medium:3.84%;--awb-spacing-left-medium:3.84%;--awb-width-small:100%;--awb-order-small:0;--awb-spacing-right-small:1.92%;--awb-spacing-left-small:1.92%;\"><div class=\"fusion-column-wrapper fusion-column-has-shadow fusion-flex-justify-content-flex-start fusion-content-layout-column\"><div class=\"fusion-image-carousel fusion-image-carousel-auto fusion-image-carousel-1 fusion-carousel-border\"><div class=\"awb-carousel awb-swiper awb-swiper-carousel awb-carousel--carousel awb-swiper-dots-position-bottom\" data-layout=\"carousel\" data-autoplay=\"no\" data-autoplayspeed=\"2500\" data-autoplaypause=\"no\" data-loop=\"yes\" data-columns=\"1\" data-columnsmedium=\"1\" data-columnssmall=\"1\" data-itemmargin=\"13\" data-itemwidth=\"180\" data-touchscroll=\"no\" data-freemode=\"no\" data-imagesize=\"auto\" data-scrollitems=\"0\" data-scrollitems-medium=\"0\" data-scrollitems-small=\"0\" data-centeredslides=\"no\" data-rotationangle=\"50\" data-depth=\"100\" data-speed=\"500\" data-shadow=\"no\" data-pagination=\"bullets\" style=\"--awb-columns:1;--awb-border-width:1px;--awb-border-color:#e9eaee;--awb-dots-align:center;\"><div class=\"swiper-wrapper awb-image-carousel-wrapper fusion-flex-align-items-center\"><div class=\"swiper-slide\"><div class=\"fusion-carousel-item-wrapper\"><div class=\"fusion-image-wrapper hover-type-none\"><img decoding=\"async\" width=\"800\" height=\"533\" src=\"https:\/\/www.aignep.com\/wp-content\/uploads\/2026\/08\/1.jpg\" class=\"attachment-full size-full lazyload\" alt=\"\" srcset=\"data:image\/svg+xml,%3Csvg%20xmlns%3D%27http%3A%2F%2Fwww.w3.org%2F2000%2Fsvg%27%20width%3D%27800%27%20height%3D%27533%27%20viewBox%3D%270%200%20800%20533%27%3E%3Crect%20width%3D%27800%27%20height%3D%27533%27%20fill-opacity%3D%220%22%2F%3E%3C%2Fsvg%3E\" data-orig-src=\"https:\/\/www.aignep.com\/wp-content\/uploads\/2026\/08\/1.jpg\" data-srcset=\"https:\/\/www.aignep.com\/wp-content\/uploads\/2026\/08\/1-200x133.jpg 200w, https:\/\/www.aignep.com\/wp-content\/uploads\/2026\/08\/1-300x200.jpg 300w, https:\/\/www.aignep.com\/wp-content\/uploads\/2026\/08\/1-400x267.jpg 400w, https:\/\/www.aignep.com\/wp-content\/uploads\/2026\/08\/1-600x400.jpg 600w, https:\/\/www.aignep.com\/wp-content\/uploads\/2026\/08\/1-768x512.jpg 768w, https:\/\/www.aignep.com\/wp-content\/uploads\/2026\/08\/1.jpg 800w\" data-sizes=\"auto\" \/><\/div><\/div><\/div><div class=\"swiper-slide\"><div class=\"fusion-carousel-item-wrapper\"><div class=\"fusion-image-wrapper hover-type-none\"><img decoding=\"async\" width=\"800\" height=\"533\" src=\"https:\/\/www.aignep.com\/wp-content\/uploads\/2026\/08\/2.jpg\" class=\"attachment-full size-full lazyload\" alt=\"\" srcset=\"data:image\/svg+xml,%3Csvg%20xmlns%3D%27http%3A%2F%2Fwww.w3.org%2F2000%2Fsvg%27%20width%3D%27800%27%20height%3D%27533%27%20viewBox%3D%270%200%20800%20533%27%3E%3Crect%20width%3D%27800%27%20height%3D%27533%27%20fill-opacity%3D%220%22%2F%3E%3C%2Fsvg%3E\" data-orig-src=\"https:\/\/www.aignep.com\/wp-content\/uploads\/2026\/08\/2.jpg\" data-srcset=\"https:\/\/www.aignep.com\/wp-content\/uploads\/2026\/08\/2-200x133.jpg 200w, https:\/\/www.aignep.com\/wp-content\/uploads\/2026\/08\/2-300x200.jpg 300w, https:\/\/www.aignep.com\/wp-content\/uploads\/2026\/08\/2-400x267.jpg 400w, https:\/\/www.aignep.com\/wp-content\/uploads\/2026\/08\/2-600x400.jpg 600w, https:\/\/www.aignep.com\/wp-content\/uploads\/2026\/08\/2-768x512.jpg 768w, https:\/\/www.aignep.com\/wp-content\/uploads\/2026\/08\/2.jpg 800w\" data-sizes=\"auto\" \/><\/div><\/div><\/div><div class=\"swiper-slide\"><div class=\"fusion-carousel-item-wrapper\"><div class=\"fusion-image-wrapper hover-type-none\"><img decoding=\"async\" width=\"800\" height=\"533\" src=\"https:\/\/www.aignep.com\/wp-content\/uploads\/2026\/08\/3.jpg\" class=\"attachment-full size-full lazyload\" alt=\"\" srcset=\"data:image\/svg+xml,%3Csvg%20xmlns%3D%27http%3A%2F%2Fwww.w3.org%2F2000%2Fsvg%27%20width%3D%27800%27%20height%3D%27533%27%20viewBox%3D%270%200%20800%20533%27%3E%3Crect%20width%3D%27800%27%20height%3D%27533%27%20fill-opacity%3D%220%22%2F%3E%3C%2Fsvg%3E\" data-orig-src=\"https:\/\/www.aignep.com\/wp-content\/uploads\/2026\/08\/3.jpg\" data-srcset=\"https:\/\/www.aignep.com\/wp-content\/uploads\/2026\/08\/3-200x133.jpg 200w, https:\/\/www.aignep.com\/wp-content\/uploads\/2026\/08\/3-300x200.jpg 300w, https:\/\/www.aignep.com\/wp-content\/uploads\/2026\/08\/3-400x267.jpg 400w, https:\/\/www.aignep.com\/wp-content\/uploads\/2026\/08\/3-600x400.jpg 600w, https:\/\/www.aignep.com\/wp-content\/uploads\/2026\/08\/3-768x512.jpg 768w, https:\/\/www.aignep.com\/wp-content\/uploads\/2026\/08\/3.jpg 800w\" data-sizes=\"auto\" \/><\/div><\/div><\/div><\/div><div class=\"awb-swiper-button awb-swiper-button-prev\"><i class=\"awb-icon-angle-left\" aria-hidden=\"true\"><\/i><\/div><div class=\"awb-swiper-button awb-swiper-button-next\"><i class=\"awb-icon-angle-right\" aria-hidden=\"true\"><\/i><\/div><\/div><\/div><\/div><\/div><\/div><\/div>\n","protected":false},"excerpt":{"rendered":"","protected":false},"author":6,"featured_media":33613,"menu_order":0,"comment_status":"closed","ping_status":"closed","template":"","format":"standard","meta":{"footnotes":""},"portfolio_category":[2587],"portfolio_skills":[],"portfolio_tags":[],"class_list":["post-33606","avada_portfolio","type-avada_portfolio","status-publish","format-standard","has-post-thumbnail","hentry","portfolio_category-sport-social-fr"],"yoast_head":"<!-- This site is optimized with the Yoast SEO plugin v28.2 - https:\/\/yoast.com\/product\/yoast-seo-wordpress\/ -->\n<title>Romain Dagna sacr\u00e9 Champion du Monde Junior 2 2026 - Aignep S.p.A.<\/title>\n<meta name=\"robots\" content=\"index, follow, max-snippet:-1, max-image-preview:large, max-video-preview:-1\" \/>\n<link rel=\"canonical\" href=\"https:\/\/www.aignep.com\/fr\/news\/romain-dagna-sacre-champion-du-monde-junior-2-2026\/\" \/>\n<meta property=\"og:locale\" content=\"fr_FR\" \/>\n<meta property=\"og:type\" content=\"article\" \/>\n<meta property=\"og:title\" content=\"Romain Dagna sacr\u00e9 Champion du Monde Junior 2 2026 - Aignep S.p.A.\" \/>\n<meta property=\"og:url\" content=\"https:\/\/www.aignep.com\/fr\/news\/romain-dagna-sacre-champion-du-monde-junior-2-2026\/\" \/>\n<meta property=\"og:site_name\" content=\"Aignep S.p.A.\" \/>\n<meta property=\"article:modified_time\" content=\"2026-08-31T05:54:53+00:00\" \/>\n<meta property=\"og:image\" content=\"https:\/\/www.aignep.com\/wp-content\/uploads\/2026\/08\/2.jpg\" \/>\n\t<meta property=\"og:image:width\" content=\"800\" \/>\n\t<meta property=\"og:image:height\" content=\"533\" \/>\n\t<meta property=\"og:image:type\" content=\"image\/jpeg\" \/>\n<meta name=\"twitter:card\" content=\"summary_large_image\" \/>\n<meta name=\"twitter:label1\" content=\"Dur\u00e9e de lecture estim\u00e9e\" \/>\n\t<meta name=\"twitter:data1\" content=\"3 minutes\" \/>\n<script type=\"application\/ld+json\" class=\"yoast-schema-graph\">{\"@context\":\"https:\\\/\\\/schema.org\",\"@graph\":[{\"@type\":\"WebPage\",\"@id\":\"https:\\\/\\\/www.aignep.com\\\/fr\\\/news\\\/romain-dagna-sacre-champion-du-monde-junior-2-2026\\\/\",\"url\":\"https:\\\/\\\/www.aignep.com\\\/fr\\\/news\\\/romain-dagna-sacre-champion-du-monde-junior-2-2026\\\/\",\"name\":\"Romain Dagna sacr\u00e9 Champion du Monde Junior 2 2026 - Aignep S.p.A.\",\"isPartOf\":{\"@id\":\"https:\\\/\\\/www.aignep.com\\\/fr\\\/#website\"},\"primaryImageOfPage\":{\"@id\":\"https:\\\/\\\/www.aignep.com\\\/fr\\\/news\\\/romain-dagna-sacre-champion-du-monde-junior-2-2026\\\/#primaryimage\"},\"image\":{\"@id\":\"https:\\\/\\\/www.aignep.com\\\/fr\\\/news\\\/romain-dagna-sacre-champion-du-monde-junior-2-2026\\\/#primaryimage\"},\"thumbnailUrl\":\"https:\\\/\\\/www.aignep.com\\\/wp-content\\\/uploads\\\/2026\\\/08\\\/2.jpg\",\"datePublished\":\"2026-08-31T05:42:13+00:00\",\"dateModified\":\"2026-08-31T05:54:53+00:00\",\"breadcrumb\":{\"@id\":\"https:\\\/\\\/www.aignep.com\\\/fr\\\/news\\\/romain-dagna-sacre-champion-du-monde-junior-2-2026\\\/#breadcrumb\"},\"inLanguage\":\"fr-FR\",\"potentialAction\":[{\"@type\":\"ReadAction\",\"target\":[\"https:\\\/\\\/www.aignep.com\\\/fr\\\/news\\\/romain-dagna-sacre-champion-du-monde-junior-2-2026\\\/\"]}]},{\"@type\":\"ImageObject\",\"inLanguage\":\"fr-FR\",\"@id\":\"https:\\\/\\\/www.aignep.com\\\/fr\\\/news\\\/romain-dagna-sacre-champion-du-monde-junior-2-2026\\\/#primaryimage\",\"url\":\"https:\\\/\\\/www.aignep.com\\\/wp-content\\\/uploads\\\/2026\\\/08\\\/2.jpg\",\"contentUrl\":\"https:\\\/\\\/www.aignep.com\\\/wp-content\\\/uploads\\\/2026\\\/08\\\/2.jpg\",\"width\":800,\"height\":533},{\"@type\":\"BreadcrumbList\",\"@id\":\"https:\\\/\\\/www.aignep.com\\\/fr\\\/news\\\/romain-dagna-sacre-champion-du-monde-junior-2-2026\\\/#breadcrumb\",\"itemListElement\":[{\"@type\":\"ListItem\",\"position\":1,\"name\":\"Home\",\"item\":\"https:\\\/\\\/www.aignep.com\\\/fr\\\/\"},{\"@type\":\"ListItem\",\"position\":2,\"name\":\"Portfolio\",\"item\":\"https:\\\/\\\/www.aignep.com\\\/fr\\\/news\\\/\"},{\"@type\":\"ListItem\",\"position\":3,\"name\":\"Romain Dagna sacr\u00e9 Champion du Monde Junior 2 2026\"}]},{\"@type\":\"WebSite\",\"@id\":\"https:\\\/\\\/www.aignep.com\\\/fr\\\/#website\",\"url\":\"https:\\\/\\\/www.aignep.com\\\/fr\\\/\",\"name\":\"Aignep S.p.A.\",\"description\":\"Production de composants pour fluides et air comprim\u00e9\",\"potentialAction\":[{\"@type\":\"SearchAction\",\"target\":{\"@type\":\"EntryPoint\",\"urlTemplate\":\"https:\\\/\\\/www.aignep.com\\\/fr\\\/?s={search_term_string}\"},\"query-input\":{\"@type\":\"PropertyValueSpecification\",\"valueRequired\":true,\"valueName\":\"search_term_string\"}}],\"inLanguage\":\"fr-FR\"}]}<\/script>\n<!-- \/ Yoast SEO plugin. -->","yoast_head_json":{"title":"Romain Dagna sacr\u00e9 Champion du Monde Junior 2 2026 - Aignep S.p.A.","robots":{"index":"index","follow":"follow","max-snippet":"max-snippet:-1","max-image-preview":"max-image-preview:large","max-video-preview":"max-video-preview:-1"},"canonical":"https:\/\/www.aignep.com\/fr\/news\/romain-dagna-sacre-champion-du-monde-junior-2-2026\/","og_locale":"fr_FR","og_type":"article","og_title":"Romain Dagna sacr\u00e9 Champion du Monde Junior 2 2026 - Aignep S.p.A.","og_url":"https:\/\/www.aignep.com\/fr\/news\/romain-dagna-sacre-champion-du-monde-junior-2-2026\/","og_site_name":"Aignep S.p.A.","article_modified_time":"2026-08-31T05:54:53+00:00","og_image":[{"width":800,"height":533,"url":"https:\/\/www.aignep.com\/wp-content\/uploads\/2026\/08\/2.jpg","type":"image\/jpeg"}],"twitter_card":"summary_large_image","twitter_misc":{"Dur\u00e9e de lecture estim\u00e9e":"3 minutes"},"schema":{"@context":"https:\/\/schema.org","@graph":[{"@type":"WebPage","@id":"https:\/\/www.aignep.com\/fr\/news\/romain-dagna-sacre-champion-du-monde-junior-2-2026\/","url":"https:\/\/www.aignep.com\/fr\/news\/romain-dagna-sacre-champion-du-monde-junior-2-2026\/","name":"Romain Dagna sacr\u00e9 Champion du Monde Junior 2 2026 - Aignep S.p.A.","isPartOf":{"@id":"https:\/\/www.aignep.com\/fr\/#website"},"primaryImageOfPage":{"@id":"https:\/\/www.aignep.com\/fr\/news\/romain-dagna-sacre-champion-du-monde-junior-2-2026\/#primaryimage"},"image":{"@id":"https:\/\/www.aignep.com\/fr\/news\/romain-dagna-sacre-champion-du-monde-junior-2-2026\/#primaryimage"},"thumbnailUrl":"https:\/\/www.aignep.com\/wp-content\/uploads\/2026\/08\/2.jpg","datePublished":"2026-08-31T05:42:13+00:00","dateModified":"2026-08-31T05:54:53+00:00","breadcrumb":{"@id":"https:\/\/www.aignep.com\/fr\/news\/romain-dagna-sacre-champion-du-monde-junior-2-2026\/#breadcrumb"},"inLanguage":"fr-FR","potentialAction":[{"@type":"ReadAction","target":["https:\/\/www.aignep.com\/fr\/news\/romain-dagna-sacre-champion-du-monde-junior-2-2026\/"]}]},{"@type":"ImageObject","inLanguage":"fr-FR","@id":"https:\/\/www.aignep.com\/fr\/news\/romain-dagna-sacre-champion-du-monde-junior-2-2026\/#primaryimage","url":"https:\/\/www.aignep.com\/wp-content\/uploads\/2026\/08\/2.jpg","contentUrl":"https:\/\/www.aignep.com\/wp-content\/uploads\/2026\/08\/2.jpg","width":800,"height":533},{"@type":"BreadcrumbList","@id":"https:\/\/www.aignep.com\/fr\/news\/romain-dagna-sacre-champion-du-monde-junior-2-2026\/#breadcrumb","itemListElement":[{"@type":"ListItem","position":1,"name":"Home","item":"https:\/\/www.aignep.com\/fr\/"},{"@type":"ListItem","position":2,"name":"Portfolio","item":"https:\/\/www.aignep.com\/fr\/news\/"},{"@type":"ListItem","position":3,"name":"Romain Dagna sacr\u00e9 Champion du Monde Junior 2 2026"}]},{"@type":"WebSite","@id":"https:\/\/www.aignep.com\/fr\/#website","url":"https:\/\/www.aignep.com\/fr\/","name":"Aignep S.p.A.","description":"Production de composants pour fluides et air comprim\u00e9","potentialAction":[{"@type":"SearchAction","target":{"@type":"EntryPoint","urlTemplate":"https:\/\/www.aignep.com\/fr\/?s={search_term_string}"},"query-input":{"@type":"PropertyValueSpecification","valueRequired":true,"valueName":"search_term_string"}}],"inLanguage":"fr-FR"}]}},"publishpress_future_workflow_manual_trigger":{"enabledWorkflows":[]},"_links":{"self":[{"href":"https:\/\/www.aignep.com\/fr\/wp-json\/wp\/v2\/avada_portfolio\/33606","targetHints":{"allow":["GET"]}}],"collection":[{"href":"https:\/\/www.aignep.com\/fr\/wp-json\/wp\/v2\/avada_portfolio"}],"about":[{"href":"https:\/\/www.aignep.com\/fr\/wp-json\/wp\/v2\/types\/avada_portfolio"}],"author":[{"embeddable":true,"href":"https:\/\/www.aignep.com\/fr\/wp-json\/wp\/v2\/users\/6"}],"replies":[{"embeddable":true,"href":"https:\/\/www.aignep.com\/fr\/wp-json\/wp\/v2\/comments?post=33606"}],"version-history":[{"count":2,"href":"https:\/\/www.aignep.com\/fr\/wp-json\/wp\/v2\/avada_portfolio\/33606\/revisions"}],"predecessor-version":[{"id":33630,"href":"https:\/\/www.aignep.com\/fr\/wp-json\/wp\/v2\/avada_portfolio\/33606\/revisions\/33630"}],"wp:featuredmedia":[{"embeddable":true,"href":"https:\/\/www.aignep.com\/fr\/wp-json\/wp\/v2\/media\/33613"}],"wp:attachment":[{"href":"https:\/\/www.aignep.com\/fr\/wp-json\/wp\/v2\/media?parent=33606"}],"wp:term":[{"taxonomy":"portfolio_category","embeddable":true,"href":"https:\/\/www.aignep.com\/fr\/wp-json\/wp\/v2\/portfolio_category?post=33606"},{"taxonomy":"portfolio_skills","embeddable":true,"href":"https:\/\/www.aignep.com\/fr\/wp-json\/wp\/v2\/portfolio_skills?post=33606"},{"taxonomy":"portfolio_tags","embeddable":true,"href":"https:\/\/www.aignep.com\/fr\/wp-json\/wp\/v2\/portfolio_tags?post=33606"}],"curies":[{"name":"wp","href":"https:\/\/api.w.org\/{rel}","templated":true}]}}