{"id":29695,"date":"2026-03-10T11:12:43","date_gmt":"2026-03-10T10:12:43","guid":{"rendered":"https:\/\/www.aignep.com\/?post_type=avada_portfolio&#038;p=29695"},"modified":"2026-03-10T11:24:41","modified_gmt":"2026-03-10T10:24:41","slug":"duplo-podio-para-a-ktm-pro-racing-na-estreia-dos-assoluti-ditalia","status":"publish","type":"avada_portfolio","link":"https:\/\/www.aignep.com\/pt-br\/news\/duplo-podio-para-a-ktm-pro-racing-na-estreia-dos-assoluti-ditalia\/","title":{"rendered":"Duplo p\u00f3dio para a KTM Pro Racing na estreia dos Assoluti d\u2019Italia"},"content":{"rendered":"<div class=\"fusion-fullwidth fullwidth-box fusion-builder-row-1 fusion-flex-container has-pattern-background has-mask-background news_seo nonhundred-percent-fullwidth non-hundred-percent-height-scrolling\" style=\"background-color: var(--awb-color1);background-position: center center;background-repeat: no-repeat;border-width: 0px 0px 0px 0px;border-color:var(--awb-color3);border-style:solid;\" ><div class=\"fusion-builder-row fusion-row fusion-flex-align-items-center\" style=\"max-width:1393.6px;margin-left: calc(-4% \/ 2 );margin-right: calc(-4% \/ 2 );\"><div class=\"fusion-layout-column fusion_builder_column fusion-builder-column-0 fusion_builder_column_1_2 1_2 fusion-flex-column\"><div class=\"fusion-column-wrapper fusion-flex-justify-content-flex-start fusion-content-layout-column\" style=\"background-position:left top;background-repeat:no-repeat;-webkit-background-size:cover;-moz-background-size:cover;-o-background-size:cover;background-size:cover;padding: 0px 0px 0px 0px;\"><div class=\"fusion-text fusion-text-1\" style=\"text-transform:none;\"><h2>Cagnoni brilha em Camaiore, boa estreia para o campe\u00e3o mundial Youth Romain Dagna e retorno positivo de Gabin Allemand.<\/h2>\n<p data-start=\"220\" data-end=\"432\">Excelente in\u00edcio de temporada para a <strong data-start=\"268\" data-end=\"291\">Team KTM Pro Racing<\/strong> de Alex Belometti na primeira etapa dos <strong data-start=\"332\" data-end=\"377\">Campeonatos Absolutos de Enduro da It\u00e1lia<\/strong>, realizada nos dias 7 e 8 de mar\u00e7o em Camaiore (LU).<\/p>\n<p data-start=\"434\" data-end=\"645\">O grande destaque do fim de semana foi o jovem <strong data-start=\"481\" data-end=\"499\">Simone Cagnoni<\/strong>, estreando na equipe e na <strong data-start=\"526\" data-end=\"545\">KTM 125 XC-W 2T<\/strong>, conquistando dois p\u00f3dios na <strong data-start=\"575\" data-end=\"595\">categoria 125 2T<\/strong>: segundo lugar no s\u00e1bado e terceiro no domingo.<\/p>\n<p data-start=\"647\" data-end=\"1030\">Boas indica\u00e7\u00f5es tamb\u00e9m vieram de <strong data-start=\"680\" data-end=\"696\">Romain Dagna<\/strong>, <strong data-start=\"698\" data-end=\"723\">campe\u00e3o mundial Youth<\/strong>, em sua primeira corrida com a <strong data-start=\"755\" data-end=\"773\">KTM 300 EXC 2T<\/strong>: sexto entre os estrangeiros no s\u00e1bado e d\u00e9cimo terceiro no geral no domingo, com tempos competitivos e uma vit\u00f3ria em um teste especial. Retorno positivo tamb\u00e9m para <strong data-start=\"941\" data-end=\"959\">Gabin Allemand<\/strong>, que voltou \u00e0s competi\u00e7\u00f5es ap\u00f3s uma les\u00e3o e ficou pr\u00f3ximo do top 10.<\/p>\n<p data-start=\"1032\" data-end=\"1212\" data-is-last-node=\"\" data-is-only-node=\"\">O pr\u00f3ximo compromisso da <strong data-start=\"1057\" data-end=\"1080\">Team KTM Pro Racing<\/strong> ser\u00e1 a segunda etapa dos <strong data-start=\"1106\" data-end=\"1151\">Campeonatos Absolutos de Enduro da It\u00e1lia<\/strong>, marcada para os dias 28 e 29 de mar\u00e7o em Pomarance (PI). \ud83c\udfc1<\/p>\n<\/div><div ><style>.fusion-body .fusion-button.button-1{border-radius:0 0 0 0;}<\/style><a class=\"fusion-button button-flat fusion-button-default-size button-default button-1 fusion-button-default-span fusion-button-default-type\" target=\"_blank\" rel=\"noopener noreferrer\" href=\"https:\/\/4iyyt.r.a.d.sendibm1.com\/mk\/mr\/sh\/6rqJ8GoudeITQpqEnSURcX5Klj0\/VXT0Eqp1TyBR\" style=\"margin-bottom:20px;\"><span class=\"fusion-button-text\">Ler o artigo<\/span><\/a><\/div><div ><style>.fusion-body .fusion-button.button-2{border-radius:0 0 0 0;}<\/style><a class=\"fusion-button button-flat fusion-button-default-size button-default button-2 fusion-button-default-span fusion-button-default-type\" target=\"_self\" href=\"https:\/\/mclumezzane.com\/\"><span class=\"fusion-button-text\">mclumezzane.com<\/span><\/a><\/div><\/div><style type=\"text\/css\">.fusion-body .fusion-builder-column-0{width:50% !important;margin-top : 0px;margin-bottom : 20px;}.fusion-builder-column-0 > .fusion-column-wrapper {padding-top : 0px !important;padding-right : 0px !important;margin-right : 3.84%;padding-bottom : 0px !important;padding-left : 0px !important;margin-left : 3.84%;}@media only screen and (max-width:1024px) {.fusion-body .fusion-builder-column-0{width:50% !important;order : 0;}.fusion-builder-column-0 > .fusion-column-wrapper {margin-right : 3.84%;margin-left : 3.84%;}}@media only screen and (max-width:768px) {.fusion-body .fusion-builder-column-0{width:100% !important;order : 0;}.fusion-builder-column-0 > .fusion-column-wrapper {margin-right : 1.92%;margin-left : 1.92%;}}<\/style><\/div><div class=\"fusion-layout-column fusion_builder_column fusion-builder-column-1 fusion_builder_column_1_2 1_2 fusion-flex-column\"><div class=\"fusion-column-wrapper fusion-flex-justify-content-flex-start fusion-content-layout-column\" style=\"background-position:left top;background-repeat:no-repeat;-webkit-background-size:cover;-moz-background-size:cover;-o-background-size:cover;background-size:cover;padding: 0px 0px 0px 0px;\"><div class=\"fusion-image-carousel fusion-image-carousel-auto fusion-image-carousel-1 fusion-carousel-border\"><div class=\"fusion-carousel\" data-autoplay=\"no\" data-columns=\"1\" data-itemmargin=\"13\" data-itemwidth=\"180\" data-touchscroll=\"no\" data-imagesize=\"auto\"><div class=\"fusion-carousel-positioner\"><ul class=\"fusion-carousel-holder\"><li class=\"fusion-carousel-item\"><div class=\"fusion-carousel-item-wrapper\"><div class=\"fusion-image-wrapper hover-type-none\"><img width=\"1200\" height=\"800\" src=\"https:\/\/www.aignep.com\/wp-content\/uploads\/2026\/03\/KTM-Pro-Racing-Round-01-02.jpg\" class=\"attachment-full size-full lazyload\" alt=\"\" srcset=\"data:image\/svg+xml,%3Csvg%20xmlns%3D%27http%3A%2F%2Fwww.w3.org%2F2000%2Fsvg%27%20width%3D%271200%27%20height%3D%27800%27%20viewBox%3D%270%200%201200%20800%27%3E%3Crect%20width%3D%271200%27%20height%3D%27800%27%20fill-opacity%3D%220%22%2F%3E%3C%2Fsvg%3E\" data-orig-src=\"https:\/\/www.aignep.com\/wp-content\/uploads\/2026\/03\/KTM-Pro-Racing-Round-01-02.jpg\" data-srcset=\"https:\/\/www.aignep.com\/wp-content\/uploads\/2026\/03\/KTM-Pro-Racing-Round-01-02-200x133.jpg 200w, https:\/\/www.aignep.com\/wp-content\/uploads\/2026\/03\/KTM-Pro-Racing-Round-01-02-300x200.jpg 300w, https:\/\/www.aignep.com\/wp-content\/uploads\/2026\/03\/KTM-Pro-Racing-Round-01-02-400x267.jpg 400w, https:\/\/www.aignep.com\/wp-content\/uploads\/2026\/03\/KTM-Pro-Racing-Round-01-02-600x400.jpg 600w, https:\/\/www.aignep.com\/wp-content\/uploads\/2026\/03\/KTM-Pro-Racing-Round-01-02-768x512.jpg 768w, https:\/\/www.aignep.com\/wp-content\/uploads\/2026\/03\/KTM-Pro-Racing-Round-01-02-800x533.jpg 800w, https:\/\/www.aignep.com\/wp-content\/uploads\/2026\/03\/KTM-Pro-Racing-Round-01-02-1024x683.jpg 1024w, https:\/\/www.aignep.com\/wp-content\/uploads\/2026\/03\/KTM-Pro-Racing-Round-01-02.jpg 1200w\" data-sizes=\"auto\" \/><\/div><\/div><\/li><\/ul><div class=\"fusion-carousel-nav\"><button class=\"fusion-nav-prev awb-icon-left\" aria-label=\"Previous\"><\/button><button class=\"fusion-nav-next awb-icon-right\" aria-label=\"Next\"><\/button><\/div><\/div><\/div><\/div><\/div><style type=\"text\/css\">.fusion-body .fusion-builder-column-1{width:50% !important;margin-top : 0px;margin-bottom : 20px;}.fusion-builder-column-1 > .fusion-column-wrapper {padding-top : 0px !important;padding-right : 0px !important;margin-right : 3.84%;padding-bottom : 0px !important;padding-left : 0px !important;margin-left : 3.84%;}@media only screen and (max-width:1024px) {.fusion-body .fusion-builder-column-1{width:50% !important;order : 0;}.fusion-builder-column-1 > .fusion-column-wrapper {margin-right : 3.84%;margin-left : 3.84%;}}@media only screen and (max-width:768px) {.fusion-body .fusion-builder-column-1{width:100% !important;order : 0;}.fusion-builder-column-1 > .fusion-column-wrapper {margin-right : 1.92%;margin-left : 1.92%;}}<\/style><\/div><\/div><style type=\"text\/css\">.fusion-body .fusion-flex-container.fusion-builder-row-1{ padding-top : 0px;margin-top : 0px;padding-right : 0px;padding-bottom : 0px;margin-bottom : 0px;padding-left : 0px;}<\/style><\/div>\n","protected":false},"excerpt":{"rendered":"","protected":false},"author":6,"featured_media":29687,"menu_order":0,"comment_status":"closed","ping_status":"closed","template":"","format":"standard","meta":{"_expiration-date-status":"","_expiration-date":0,"_expiration-date-type":"","_expiration-date-categories":[],"_expiration-date-options":[]},"portfolio_category":[2589],"portfolio_skills":[],"portfolio_tags":[],"yoast_head":"<!-- This site is optimized with the Yoast SEO plugin v19.11 - https:\/\/yoast.com\/wordpress\/plugins\/seo\/ -->\n<title>Duplo p\u00f3dio para a KTM Pro Racing na estreia dos Assoluti d\u2019Italia - Aignep S.p.A.<\/title>\n<meta name=\"robots\" content=\"index, follow, max-snippet:-1, max-image-preview:large, max-video-preview:-1\" \/>\n<link rel=\"canonical\" href=\"https:\/\/www.aignep.com\/pt-br\/news\/duplo-podio-para-a-ktm-pro-racing-na-estreia-dos-assoluti-ditalia\/\" \/>\n<meta property=\"og:locale\" content=\"pt_BR\" \/>\n<meta property=\"og:type\" content=\"article\" \/>\n<meta property=\"og:title\" content=\"Duplo p\u00f3dio para a KTM Pro Racing na estreia dos Assoluti d\u2019Italia - Aignep S.p.A.\" \/>\n<meta property=\"og:url\" content=\"https:\/\/www.aignep.com\/pt-br\/news\/duplo-podio-para-a-ktm-pro-racing-na-estreia-dos-assoluti-ditalia\/\" \/>\n<meta property=\"og:site_name\" content=\"Aignep S.p.A.\" \/>\n<meta property=\"article:modified_time\" content=\"2026-03-10T10:24:41+00:00\" \/>\n<meta property=\"og:image\" content=\"https:\/\/www.aignep.com\/wp-content\/uploads\/2022\/12\/01-opengraph-SEPEM.png\" \/>\n\t<meta property=\"og:image:width\" content=\"1200\" \/>\n\t<meta property=\"og:image:height\" content=\"627\" \/>\n\t<meta property=\"og:image:type\" content=\"image\/png\" \/>\n<meta name=\"twitter:card\" content=\"summary_large_image\" \/>\n<meta name=\"twitter:label1\" content=\"Est. tempo de leitura\" \/>\n\t<meta name=\"twitter:data1\" content=\"4 minutos\" \/>\n<script type=\"application\/ld+json\" class=\"yoast-schema-graph\">{\"@context\":\"https:\/\/schema.org\",\"@graph\":[{\"@type\":\"WebPage\",\"@id\":\"https:\/\/www.aignep.com\/pt-br\/news\/duplo-podio-para-a-ktm-pro-racing-na-estreia-dos-assoluti-ditalia\/\",\"url\":\"https:\/\/www.aignep.com\/pt-br\/news\/duplo-podio-para-a-ktm-pro-racing-na-estreia-dos-assoluti-ditalia\/\",\"name\":\"Duplo p\u00f3dio para a KTM Pro Racing na estreia dos Assoluti d\u2019Italia - Aignep S.p.A.\",\"isPartOf\":{\"@id\":\"https:\/\/www.aignep.com\/pt-br\/#website\"},\"datePublished\":\"2026-03-10T10:12:43+00:00\",\"dateModified\":\"2026-03-10T10:24:41+00:00\",\"breadcrumb\":{\"@id\":\"https:\/\/www.aignep.com\/pt-br\/news\/duplo-podio-para-a-ktm-pro-racing-na-estreia-dos-assoluti-ditalia\/#breadcrumb\"},\"inLanguage\":\"pt-BR\",\"potentialAction\":[{\"@type\":\"ReadAction\",\"target\":[\"https:\/\/www.aignep.com\/pt-br\/news\/duplo-podio-para-a-ktm-pro-racing-na-estreia-dos-assoluti-ditalia\/\"]}]},{\"@type\":\"BreadcrumbList\",\"@id\":\"https:\/\/www.aignep.com\/pt-br\/news\/duplo-podio-para-a-ktm-pro-racing-na-estreia-dos-assoluti-ditalia\/#breadcrumb\",\"itemListElement\":[{\"@type\":\"ListItem\",\"position\":1,\"name\":\"Home\",\"item\":\"https:\/\/www.aignep.com\/pt-br\/\"},{\"@type\":\"ListItem\",\"position\":2,\"name\":\"Portfolio\",\"item\":\"https:\/\/www.aignep.com\/pt-br\/news\/\"},{\"@type\":\"ListItem\",\"position\":3,\"name\":\"Duplo p\u00f3dio para a KTM Pro Racing na estreia dos Assoluti d\u2019Italia\"}]},{\"@type\":\"WebSite\",\"@id\":\"https:\/\/www.aignep.com\/pt-br\/#website\",\"url\":\"https:\/\/www.aignep.com\/pt-br\/\",\"name\":\"Aignep S.p.A.\",\"description\":\"\u041f\u0440\u043e\u0438\u0437\u0432\u043e\u0434\u0441\u0442\u0432\u043e \u043a\u043e\u043c\u043f\u043e\u043d\u0435\u043d\u0442\u043e\u0432 \u0434\u043b\u044f \u0436\u0438\u0434\u043a\u043e\u0441\u0442\u0435\u0439 \u0438 \u0441\u0436\u0430\u0442\u043e\u0433\u043e \u0432\u043e\u0437\u0434\u0443\u0445\u0430\",\"potentialAction\":[{\"@type\":\"SearchAction\",\"target\":{\"@type\":\"EntryPoint\",\"urlTemplate\":\"https:\/\/www.aignep.com\/pt-br\/?s={search_term_string}\"},\"query-input\":\"required name=search_term_string\"}],\"inLanguage\":\"pt-BR\"}]}<\/script>\n<!-- \/ Yoast SEO plugin. -->","yoast_head_json":{"title":"Duplo p\u00f3dio para a KTM Pro Racing na estreia dos Assoluti d\u2019Italia - Aignep S.p.A.","robots":{"index":"index","follow":"follow","max-snippet":"max-snippet:-1","max-image-preview":"max-image-preview:large","max-video-preview":"max-video-preview:-1"},"canonical":"https:\/\/www.aignep.com\/pt-br\/news\/duplo-podio-para-a-ktm-pro-racing-na-estreia-dos-assoluti-ditalia\/","og_locale":"pt_BR","og_type":"article","og_title":"Duplo p\u00f3dio para a KTM Pro Racing na estreia dos Assoluti d\u2019Italia - Aignep S.p.A.","og_url":"https:\/\/www.aignep.com\/pt-br\/news\/duplo-podio-para-a-ktm-pro-racing-na-estreia-dos-assoluti-ditalia\/","og_site_name":"Aignep S.p.A.","article_modified_time":"2026-03-10T10:24:41+00:00","og_image":[{"width":1200,"height":627,"url":"https:\/\/www.aignep.com\/wp-content\/uploads\/2022\/12\/01-opengraph-SEPEM.png","type":"image\/png"}],"twitter_card":"summary_large_image","twitter_misc":{"Est. tempo de leitura":"4 minutos"},"schema":{"@context":"https:\/\/schema.org","@graph":[{"@type":"WebPage","@id":"https:\/\/www.aignep.com\/pt-br\/news\/duplo-podio-para-a-ktm-pro-racing-na-estreia-dos-assoluti-ditalia\/","url":"https:\/\/www.aignep.com\/pt-br\/news\/duplo-podio-para-a-ktm-pro-racing-na-estreia-dos-assoluti-ditalia\/","name":"Duplo p\u00f3dio para a KTM Pro Racing na estreia dos Assoluti d\u2019Italia - Aignep S.p.A.","isPartOf":{"@id":"https:\/\/www.aignep.com\/pt-br\/#website"},"datePublished":"2026-03-10T10:12:43+00:00","dateModified":"2026-03-10T10:24:41+00:00","breadcrumb":{"@id":"https:\/\/www.aignep.com\/pt-br\/news\/duplo-podio-para-a-ktm-pro-racing-na-estreia-dos-assoluti-ditalia\/#breadcrumb"},"inLanguage":"pt-BR","potentialAction":[{"@type":"ReadAction","target":["https:\/\/www.aignep.com\/pt-br\/news\/duplo-podio-para-a-ktm-pro-racing-na-estreia-dos-assoluti-ditalia\/"]}]},{"@type":"BreadcrumbList","@id":"https:\/\/www.aignep.com\/pt-br\/news\/duplo-podio-para-a-ktm-pro-racing-na-estreia-dos-assoluti-ditalia\/#breadcrumb","itemListElement":[{"@type":"ListItem","position":1,"name":"Home","item":"https:\/\/www.aignep.com\/pt-br\/"},{"@type":"ListItem","position":2,"name":"Portfolio","item":"https:\/\/www.aignep.com\/pt-br\/news\/"},{"@type":"ListItem","position":3,"name":"Duplo p\u00f3dio para a KTM Pro Racing na estreia dos Assoluti d\u2019Italia"}]},{"@type":"WebSite","@id":"https:\/\/www.aignep.com\/pt-br\/#website","url":"https:\/\/www.aignep.com\/pt-br\/","name":"Aignep S.p.A.","description":"\u041f\u0440\u043e\u0438\u0437\u0432\u043e\u0434\u0441\u0442\u0432\u043e \u043a\u043e\u043c\u043f\u043e\u043d\u0435\u043d\u0442\u043e\u0432 \u0434\u043b\u044f \u0436\u0438\u0434\u043a\u043e\u0441\u0442\u0435\u0439 \u0438 \u0441\u0436\u0430\u0442\u043e\u0433\u043e \u0432\u043e\u0437\u0434\u0443\u0445\u0430","potentialAction":[{"@type":"SearchAction","target":{"@type":"EntryPoint","urlTemplate":"https:\/\/www.aignep.com\/pt-br\/?s={search_term_string}"},"query-input":"required name=search_term_string"}],"inLanguage":"pt-BR"}]}},"_links":{"self":[{"href":"https:\/\/www.aignep.com\/pt-br\/wp-json\/wp\/v2\/avada_portfolio\/29695"}],"collection":[{"href":"https:\/\/www.aignep.com\/pt-br\/wp-json\/wp\/v2\/avada_portfolio"}],"about":[{"href":"https:\/\/www.aignep.com\/pt-br\/wp-json\/wp\/v2\/types\/avada_portfolio"}],"author":[{"embeddable":true,"href":"https:\/\/www.aignep.com\/pt-br\/wp-json\/wp\/v2\/users\/6"}],"replies":[{"embeddable":true,"href":"https:\/\/www.aignep.com\/pt-br\/wp-json\/wp\/v2\/comments?post=29695"}],"version-history":[{"count":2,"href":"https:\/\/www.aignep.com\/pt-br\/wp-json\/wp\/v2\/avada_portfolio\/29695\/revisions"}],"predecessor-version":[{"id":29710,"href":"https:\/\/www.aignep.com\/pt-br\/wp-json\/wp\/v2\/avada_portfolio\/29695\/revisions\/29710"}],"wp:featuredmedia":[{"embeddable":true,"href":"https:\/\/www.aignep.com\/pt-br\/wp-json\/wp\/v2\/media\/29687"}],"wp:attachment":[{"href":"https:\/\/www.aignep.com\/pt-br\/wp-json\/wp\/v2\/media?parent=29695"}],"wp:term":[{"taxonomy":"portfolio_category","embeddable":true,"href":"https:\/\/www.aignep.com\/pt-br\/wp-json\/wp\/v2\/portfolio_category?post=29695"},{"taxonomy":"portfolio_skills","embeddable":true,"href":"https:\/\/www.aignep.com\/pt-br\/wp-json\/wp\/v2\/portfolio_skills?post=29695"},{"taxonomy":"portfolio_tags","embeddable":true,"href":"https:\/\/www.aignep.com\/pt-br\/wp-json\/wp\/v2\/portfolio_tags?post=29695"}],"curies":[{"name":"wp","href":"https:\/\/api.w.org\/{rel}","templated":true}]}}